{"id":58,"date":"2024-06-03T14:04:51","date_gmt":"2024-06-03T14:04:51","guid":{"rendered":"https:\/\/www.kontraolasurftenerife.com\/?page_id=58"},"modified":"2024-08-22T11:01:21","modified_gmt":"2024-08-22T11:01:21","slug":"inicio","status":"publish","type":"page","link":"https:\/\/www.kontraolasurftenerife.com\/fr\/","title":{"rendered":"ACCUEIL"},"content":{"rendered":"<p>[et_pb_section fb_built=\u00bb1&#8243; _builder_version=\u00bb4.27.0&#8243; _module_preset=\u00bbdefault\u00bb background_video_mp4=\u00bbhttps:\/\/www.kontraolasurftenerife.com\/wp-content\/uploads\/2024\/06\/video-banner-02.mp4&#8243; custom_margin=\u00bb||||false|false\u00bb custom_padding=\u00bb120px||120px||true|false\u00bb global_colors_info=\u00bb{}\u00bb][et_pb_row _builder_version=\u00bb4.18.0&#8243; _module_preset=\u00bbdefault\u00bb global_colors_info=\u00bb{}\u00bb][et_pb_column type=\u00bb4_4&#8243; _builder_version=\u00bb4.18.0&#8243; _module_preset=\u00bbdefault\u00bb global_colors_info=\u00bb{}\u00bb][et_pb_text _builder_version=\u00bb4.27.0&#8243; _module_preset=\u00bbdefault\u00bb text_font=\u00bbIBM Plex Sans||||||||\u00bb text_text_color=\u00bbgcid-0d801b7f-cc38-4b14-95d5-6671dcc700bc\u00bb text_font_size=\u00bb28px\u00bb text_letter_spacing=\u00bb1px\u00bb header_font=\u00bbIBM Plex Sans||||||||\u00bb header_text_color=\u00bbgcid-0d801b7f-cc38-4b14-95d5-6671dcc700bc\u00bb header_font_size=\u00bb28px\u00bb header_letter_spacing=\u00bb1px\u00bb header_line_height=\u00bb1.7em\u00bb custom_margin=\u00bb||25px||false|false\u00bb custom_padding=\u00bb||0px||false|false\u00bb global_colors_info=\u00bb{%22gcid-0d801b7f-cc38-4b14-95d5-6671dcc700bc%22:%91%22text_text_color%22,%22header_text_color%22%93}\u00bb]<\/p>\n<h1>\u00c9COLE DE SURF<\/h1>\n<p>[\/et_pb_text][et_pb_text _builder_version=\u00bb4.27.0&#8243; _module_preset=\u00bbdefault\u00bb text_font=\u00bbIBM Plex Sans||||||||\u00bb text_text_color=\u00bbgcid-0d801b7f-cc38-4b14-95d5-6671dcc700bc\u00bb header_font=\u00bb|800|||||||\u00bb header_font_size=\u00bb100px\u00bb header_2_font=\u00bb|800|||||||\u00bb header_2_font_size=\u00bb100px\u00bb custom_margin=\u00bb||16px|||\u00bb hover_enabled=\u00bb0&#8243; header_font_size_tablet=\u00bb100px\u00bb header_font_size_phone=\u00bb42px\u00bb header_font_size_last_edited=\u00bbon|phone\u00bb global_colors_info=\u00bb{%22gcid-0d801b7f-cc38-4b14-95d5-6671dcc700bc%22:%91%22text_text_color%22%93}\u00bb sticky_enabled=\u00bb0&#8243;]<\/p>\n<h2><span style=\"color: #f29713;\"><span style=\"color: #ffffff;\">KONTRA<\/span>OLA<\/span><\/h2>\n<p>[\/et_pb_text][et_pb_text _builder_version=\"4.27.0\u2033 _module_preset=\"default\" text_font=\"IBM Plex Sans||||||||\" text_text_color=\"#FFFFFFFFFF\" text_font_size=\"22px\" text_letter_spacing=\"1px\" custom_margin=\"|||10px||false|false\" custom_padding=\"|||0px|||false|false\" hover_enabled=\"0\u2033 global_colors_info=\"{}\" sticky_enabled=\"0\u2033]<\/p>\n<p>\u00c9COLE DE SURF \u00c0 TENERIFE AVEC DES PROFESSIONNELS LOCAUX<\/p>\n<p>[\/et_pb_text][et_pb_button button_url=\u00bbhttps:\/\/fareharbor.com\/embeds\/book\/kontraolasurftenerife\/?full-items=yes&#038;u=3c42316f-8c42-4585-a833-7c39852569a5&#038;from-ssl=yes&#038;ga4t=G-C2XD33X9FV%2C479893564.1716364597__1718635726%3BG-7DH9DLZMC6%2C__%3B&#038;g4=yes&#038;cp=no&#038;csp=no&#038;back=https%3A%2F%2Fkontraolasurftenerife.com%2F&#038;language=es\u00bb button_text=\u00bbReservar ahora\u00bb _builder_version=\u00bb4.27.0&#8243; _module_preset=\u00bbdefault\u00bb custom_button=\u00bbon\u00bb button_text_size=\u00bb18px\u00bb button_text_color=\u00bb#FFFFFF\u00bb button_bg_color=\u00bbgcid-0d801b7f-cc38-4b14-95d5-6671dcc700bc\u00bb button_border_width=\u00bb0px\u00bb button_border_radius=\u00bb55px\u00bb custom_margin=\u00bb40px||||false|false\u00bb custom_padding=\u00bb6px|44px|6px|44px|true|true\u00bb global_colors_info=\u00bb{%22gcid-0d801b7f-cc38-4b14-95d5-6671dcc700bc%22:%91%22button_bg_color%22%93}\u00bb][\/et_pb_button][et_pb_code _builder_version=\u00bb4.27.0&#8243; _module_preset=\u00bbdefault\u00bb global_colors_info=\u00bb{}\u00bb]<script type='application\/ld+json'><!-- [et_pb_line_break_holder] -->{<!-- [et_pb_line_break_holder] -->  \"@context\": \"http:\/\/www.schema.org\",<!-- [et_pb_line_break_holder] -->  \"@type\": \"SportsActivityLocation\",<!-- [et_pb_line_break_holder] -->  \"name\": \"Escuela de Surf Kontraola\",<!-- [et_pb_line_break_holder] -->  \"alternateName\": \"Kontraola\",<!-- [et_pb_line_break_holder] -->  \"url\": \"https:\/\/www.kontraolasurftenerife.com\/\",<!-- [et_pb_line_break_holder] -->  \"sameAs\": [<!-- [et_pb_line_break_holder] -->    \"https:\/\/www.facebook.com\/kontraolasurf\",<!-- [et_pb_line_break_holder] -->    \"https:\/\/www.instagram.com\/kontraola_surf_tenerife\/\",<!-- [et_pb_line_break_holder] -->    \"https:\/\/www.youtube.com\/@kontraolasurfschool6726\"<!-- [et_pb_line_break_holder] -->  ],<!-- [et_pb_line_break_holder] -->  \"telephone\": \"+34629629301\",<!-- [et_pb_line_break_holder] -->  \"aggregateRating\": {<!-- [et_pb_line_break_holder] -->    \"@type\": \"AggregateRating\",<!-- [et_pb_line_break_holder] -->    \"ratingValue\": \"4.8\",<!-- [et_pb_line_break_holder] -->    \"reviewCount\": \"3093\"<!-- [et_pb_line_break_holder] -->  },<!-- [et_pb_line_break_holder] -->  \"priceRange\": \"\u20ac-\u20ac\u20ac\",<!-- [et_pb_line_break_holder] -->  \"openingHours\": \"Mo-Su 09:00-19:00\",<!-- [et_pb_line_break_holder] -->  \"logo\": \"https:\/\/www.kontraolasurftenerife.com\/wp-content\/uploads\/2024\/06\/logo-kontraola-header.png\",<!-- [et_pb_line_break_holder] -->  \"image\": \"https:\/\/www.kontraolasurftenerife.com\/wp-content\/uploads\/2024\/06\/img-kontraola-01-min.png\",<!-- [et_pb_line_break_holder] -->  \"description\": \"Escuela de surf en Tenerife ofreciendo clases en grupo, semiprivadas y privadas, as\u00ed como alquiler de equipo.\",<!-- [et_pb_line_break_holder] -->  \"address\": {<!-- [et_pb_line_break_holder] -->    \"@type\": \"PostalAddress\",<!-- [et_pb_line_break_holder] -->    \"streetAddress\": \"Calle M\u00e9xico, C.Comercial Las Pameras, Local 11\",<!-- [et_pb_line_break_holder] -->    \"addressLocality\": \"Playa de la Am\u00e9ricas\",<!-- [et_pb_line_break_holder] -->    \"addressRegion\": \"Santa Cruz de Tenerife\",<!-- [et_pb_line_break_holder] -->    \"postalCode\": \"38660\",<!-- [et_pb_line_break_holder] -->    \"addressCountry\": \"ES\"<!-- [et_pb_line_break_holder] -->  },<!-- [et_pb_line_break_holder] -->  \"areaServed\": {<!-- [et_pb_line_break_holder] -->    \"@type\": \"City\",<!-- [et_pb_line_break_holder] -->    \"name\": \"Arona\"<!-- [et_pb_line_break_holder] -->  },<!-- [et_pb_line_break_holder] -->  \"geo\": {<!-- [et_pb_line_break_holder] -->    \"@type\": \"GeoCoordinates\",<!-- [et_pb_line_break_holder] -->    \"latitude\": \"28.06123510\",<!-- [et_pb_line_break_holder] -->    \"longitude\": \"-16.73363590\"<!-- [et_pb_line_break_holder] -->  },<!-- [et_pb_line_break_holder] -->  \"hasMap\": \"https:\/\/www.google.es\/maps\/place\/Kontraola+-+Tenerife+Surf+School+powered+by+Quiksilver+and+Roxy\/@28.0612398,-16.7362108,17z\/data=!3m1!4b1!4m6!3m5!1s0xc6a977aafe559fd:0x1b8226b8274e6d9a!8m2!3d28.0612351!4d-16.7336359!16s%2Fg%2F11c2j19_gs?hl=es&entry=ttu\",<!-- [et_pb_line_break_holder] -->  \"contactPoint\": {<!-- [et_pb_line_break_holder] -->    \"@type\": \"ContactPoint\",<!-- [et_pb_line_break_holder] -->    \"telephone\": \"+34629629301\",<!-- [et_pb_line_break_holder] -->    \"contactType\": \"Customer Service\",<!-- [et_pb_line_break_holder] -->    \"email\": \"kontraola@gmail.com\"<!-- [et_pb_line_break_holder] -->  }<!-- [et_pb_line_break_holder] -->}<!-- [et_pb_line_break_holder] --><\/script>[\/et_pb_code][\/et_pb_column][\/et_pb_row][\/et_pb_section][et_pb_section fb_built=\"1\u2033 custom_padding_last_edited=\"on|phone\" _builder_version=\"4.25.1\u2033 _module_preset=\"default\" custom_padding_tablet=\"\" custom_padding_phone=\"|||0px||false|false\" global_colors_info=\"{}\"][et_pb_row column_structure=\"1_2,1_2\u2033 use_custom_gutter=\"on\" make_equal=\"on\" _builder_version=\"4.25.1\u2033 _module_preset=\"default\" width_tablet=\"100%\" width_phone=\"80%\" width_last_edited=\"on|phone\" max_width_tablet=\"100%\" max_width_phone=\"80%\" max_width_last_edited=\"on|phone\" global_colors_info=\"{}\"][et_pb_column type=\"1_2\u2033 _builder_version=\"4.25.1\u2033 _module_preset=\"default\" background_enable_image=\"off\" custom_padding=\"||||false|false\" custom_padding_tablet=\"330px|||330px||true|false\" custom_padding_phone=\"0px||0px|||true|false\" custom_padding_last_edited=\"on|phone\" animation_style=\"slide\" animation_direction=\"left\" border_radii=\"off|||30px|30px|30px|\" global_colors_info=\"{}\"][et_pb_image src=\"https :\/\/www.kontraolasurftenerife.com\/wp-content\/uploads\/2024\/06\/img-kontraola-01-min.png\" title_text=\"img-kontraola-01-min\" _builder_version=\"4.25.1\u2033 _module_preset=\"default\" global_colors_info=\"{}\"][\/et_pb_image][\/et_pb_column][et_pb_column type=\"1_2\u2033 _builder_version=\"4.25.1\u2033 _module_preset=\"default\" custom_padding_tablet=\"\" custom_padding_phone=\"40px||||false|false\" custom_padding_last_edited=\"on|phone\" animation_style=\"fold\" animation_direction=\"right\" custom_css_main_element=\"margin:auto\" global_colors_info=\"{}\"]][et_pb_image src=\"https:\/\/www.kontraolasurftenerife.com\/wp-content\/uploads\/2024\/06\/miscelanea-doble-ola.png\" title_text=\"miscelanea-doble-ola\" _builder_version=\"4.18.0\u2033 _module_preset=\"default\" custom_margin=\"|||23px||\" global_colors_info=\"{}\"][\/et_pb_image][\/et_pb_image][et_pb_text _builder_version=\"4.27.0\u2033 _module_preset=\"default\" header_2_font=\"|800|||||||\" header_2_text_color=\"#1e1e1e\" header_2_font_size=\"38px\" header_2_line_height=\"1.2em\" width_tablet=\"60%\" width_phone=\"100%\" width_last_edited=\"on|phone\" custom_margin=\"|||15px||||\" hover_enabled=\"0\u2033 header_2_font_size_tablet=\"38px\" header_2_font_size_phone=\"28px\" header_2_font_size_last_edited=\"on|phone\" global_colors_info=\"{}\" sticky_enabled=\"0\u2033]<\/p>\n<h2><span style=\"color: #f29713;\">Vagues de surf<\/span> lors de votre premi\u00e8re session<\/h2>\n<p>[\/et_pb_text][et_pb_text _builder_version=\u00bb4.27.0&#8243; _module_preset=\u00bbdefault\u00bb link_text_color=\u00bbgcid-0d801b7f-cc38-4b14-95d5-6671dcc700bc\u00bb width_tablet=\u00bb65%\u00bb width_phone=\u00bb100%\u00bb width_last_edited=\u00bbon|phone\u00bb custom_margin=\u00bb||28px|||\u00bb global_colors_info=\u00bb{%22gcid-0d801b7f-cc38-4b14-95d5-6671dcc700bc%22:%91%22link_text_color%22%93}\u00bb]<\/p>\n<p><span style=\"font-weight: 400;\">Exp\u00e9rimentez la sensation de surfer sur les vagues dans le <\/span><a href=\"https:\/\/www.holaislascanarias.com\/playas\/tenerife\/playa-de-las-americas\/\"><span style=\"font-weight: 400;\">Playa de las Am\u00e9ricas<\/span><\/a><span style=\"font-weight: 400;\">Tenerife, avec des cours adapt\u00e9s \u00e0 tous les niveaux. \u00c0 Kontraola <\/span><b>\u00e9cole de surf \u00e0 Tenerife<\/b><span style=\"font-weight: 400;\"> nous nous adaptons \u00e0 vos besoins et vous aidons \u00e0 surfer sur votre premi\u00e8re vague.<\/span><\/p>\n<p><strong><span style=\"color: #f29713;\"> Nous croyons fermement que tout le monde peut apprendre \u00e0 surfer.<\/span><\/strong><\/p>\n<p><span style=\"font-weight: 400;\">Il y a 15 ans, nous avons d\u00e9cid\u00e9 de suivre notre passion pour ce sport et de cr\u00e9er <\/span><a href=\"https:\/\/www.google.es\/maps\/place\/Kontraola+-+Tenerife+Surf+School+powered+by+Quiksilver+and+Roxy\/@28.0611065,-16.7336339,19z\/data=!4m6!3m5!1s0xc6a977aafe559fd:0x1b8226b8274e6d9a!8m2!3d28.0612351!4d-16.7336359!16s%2Fg%2F11c2j19_gs?hl=es&amp;entry=ttu\"><span style=\"font-weight: 400;\">Kontraola<\/span><\/a><span style=\"font-weight: 400;\">. Malgr\u00e9 la popularit\u00e9 des <\/span><b>surfeurs am\u00e9ricains<\/b><span style=\"font-weight: 400;\"> qui se rendent sur l'\u00eele pour son climat et les vagues exceptionnelles qu'offre la proximit\u00e9 de la mer. <\/span><b>Oc\u00e9an Atlantique<\/b><span style=\"font-weight: 400;\">Personne ne pensait que le surf deviendrait un sport populaire ici. Aujourd'hui, nous sommes une r\u00e9f\u00e9rence en mati\u00e8re de <\/span><b>l'enseignement de ce sport olympique.<\/b><\/p>\n<p>[\/et_pb_text][et_pb_button button_url=\u00bbhttps:\/\/fareharbor.com\/embeds\/book\/kontraolasurftenerife\/?full-items=yes&#038;u=3c42316f-8c42-4585-a833-7c39852569a5&#038;from-ssl=yes&#038;ga4t=G-C2XD33X9FV%2C479893564.1716364597__1718635726%3BG-7DH9DLZMC6%2C__%3B&#038;g4=yes&#038;cp=no&#038;csp=no&#038;back=https%3A%2F%2Fkontraolasurftenerife.com%2F&#038;language=es\u00bb button_text=\u00bbReserva tu clase de surf\u00bb _builder_version=\u00bb4.27.0&#8243; _module_preset=\u00bbdefault\u00bb custom_button=\u00bbon\u00bb button_text_size=\u00bb16px\u00bb button_text_color=\u00bb#FFFFFF\u00bb button_bg_color=\u00bbgcid-0d801b7f-cc38-4b14-95d5-6671dcc700bc\u00bb button_border_width=\u00bb0px\u00bb button_border_radius=\u00bb55px\u00bb custom_margin=\u00bb0px||||false|false\u00bb custom_padding=\u00bb10px|34px|10px|34px|true|true\u00bb global_colors_info=\u00bb{%22gcid-0d801b7f-cc38-4b14-95d5-6671dcc700bc%22:%91%22button_bg_color%22%93}\u00bb][\/et_pb_button][\/et_pb_column][\/et_pb_row][\/et_pb_section][et_pb_section fb_built=\u00bb1&#8243; custom_padding_last_edited=\u00bbon|phone\u00bb _builder_version=\u00bb4.25.1&#8243; _module_preset=\u00bbdefault\u00bb custom_padding_tablet=\u00bb\u00bb custom_padding_phone=\u00bb30px||||false|false\u00bb bottom_divider_style=\u00bbwave\u00bb bottom_divider_color=\u00bb#faf7f2&#8243; bottom_divider_height=\u00bb500px\u00bb global_colors_info=\u00bb{}\u00bb][et_pb_row _builder_version=\u00bb4.18.0&#8243; _module_preset=\u00bbdefault\u00bb animation_style=\u00bbfade\u00bb global_colors_info=\u00bb{}\u00bb][et_pb_column type=\u00bb4_4&#8243; _builder_version=\u00bb4.18.0&#8243; _module_preset=\u00bbdefault\u00bb global_colors_info=\u00bb{}\u00bb][et_pb_image src=\u00bbhttps:\/\/www.kontraolasurftenerife.com\/wp-content\/uploads\/2024\/06\/miscelanea-doble-ola.png\u00bb title_text=\u00bbmiscelanea-doble-ola\u00bb align=\u00bbcenter\u00bb _builder_version=\u00bb4.18.0&#8243; _module_preset=\u00bbdefault\u00bb custom_margin=\u00bb||25px|||\u00bb global_colors_info=\u00bb{}\u00bb][\/et_pb_image][et_pb_text _builder_version=\u00bb4.27.0&#8243; _module_preset=\u00bbdefault\u00bb text_font=\u00bb|800|||||||\u00bb header_2_font=\u00bb|800|||||||\u00bb header_2_text_color=\u00bb#1e1e1e\u00bb header_2_font_size=\u00bb38px\u00bb header_2_line_height=\u00bb1.2em\u00bb text_orientation=\u00bbcenter\u00bb custom_margin=\u00bb||15px|||\u00bb header_2_font_size_tablet=\u00bb38px\u00bb header_2_font_size_phone=\u00bb28px\u00bb header_2_font_size_last_edited=\u00bbon|phone\u00bb global_colors_info=\u00bb{}\u00bb]<\/p>\n<h2>Apprendre \u00e0 surfer avec les meilleurs<\/h2>\n<p>[\/et_pb_text][et_pb_text _builder_version=\"4.27.0\u2033 _module_preset=\"default\" text_orientation=\"centre\" width=\"60%\" width_tablet=\"60%\" width_phone=\"100%\" width_last_edited=\"on|phone\" module_alignment=\"center\" global_colors_info=\"{}\"]<\/p>\n<p><span style=\"font-weight: 400;\">Nous sommes un point de r\u00e9f\u00e9rence pour tous ceux qui nous rendent visite, gr\u00e2ce \u00e0 notre exp\u00e9rience et \u00e0 nos connaissances acquises apr\u00e8s 42 ans de surf et 20 ans consacr\u00e9s \u00e0 l'enseignement de ce merveilleux sport.<\/span><\/p>\n<p>[\/et_pb_text][\/et_pb_column][\/et_pb_row][et_pb_row column_structure=\"1_3,1_3,1_3\u2033 use_custom_gutter=\"on\" gutter_width=\"2\u2033 _builder_version=\"4.18.0\u2033 _module_preset=\"default\" global_colors_info=\"{}\"][et_pb_column type=\"1_3\u2033 _builder_version=\"4.18.0\u2033 _module_preset=\"default\" background_color=\"#FFFFFF\" transform_translate_linked=\"off\" animation_style=\"slide\" animation_direction=\"bottom\" border_radii=\"off||||15px|15px\" box_shadow_style=\"preset1\u2033 box_shadow_color=\"rgba(0,0,0,0,0.1)\" global_colors_info=\"{}\" transform_styles__hover_enabled=\"on|hover\" transform_scale__hover_enabled=\"on|desktop\" transform_translate__hover_enabled=\"on|hover\" transform_rotate__hover_enabled=\"on|desktop\" transform_skew__hover_enabled=\"on|desktop\" transform_origin__hover_enabled=\"on|desktop\" transform_translate__hover=\"0px|-10px\"][et_pb_image src=\"https :\/\/www.kontraolasurftenerife.com\/wp-content\/uploads\/2024\/06\/classes-in-group.jpg\" title_text=\"classes-in-group\" _builder_version=\"4.18.0\u2033 _module_preset=\"default\" border_radii=\"on|12px|12px|12px|12px|12px\" global_colors_info=\"{}\"][\/et_pb_image][\/et_pb_image][et_pb_text _builder_version=\"4.27.0\u2033 _module_preset=\"default\" header_4_line_height=\"1.5em\" custom_padding=\"20px|30px|20px|30px|30px|true|true\" global_colors_info=\"{}\"]]<\/p>\n<p style=\"text-align: center;\"><span style=\"color: #000000;\"><strong>Classe de groupe<\/strong><\/span><\/p>\n<p style=\"text-align: center;\"><span style=\"font-weight: 400;\">Faites-vous de nouveaux amis tout en surfant sur les vagues et en profitant de la mer.<\/span><\/p>\n<p style=\"text-align: center;\"><span style=\"color: #353535;\"><strong>35\u20ac \/ personne<\/strong><\/span><\/p>\n<p>[\/et_pb_text][et_pb_text _builder_version=\u00bb4.27.0&#8243; _dynamic_attributes=\u00bblink_option_url\u00bb _module_preset=\u00bbdefault\u00bb text_text_color=\u00bb#FFFFFF\u00bb text_font_size=\u00bb18px\u00bb background_color=\u00bbgcid-0d801b7f-cc38-4b14-95d5-6671dcc700bc\u00bb text_orientation=\u00bbcenter\u00bb custom_padding=\u00bb22px||22px||true|false\u00bb link_option_url=\u00bb@ET-DC@eyJkeW5hbWljIjp0cnVlLCJjb250ZW50IjoicG9zdF9saW5rX3VybF9wYWdlIiwic2V0dGluZ3MiOnsicG9zdF9pZCI6IjI2NiJ9fQ==@\u00bb border_radii=\u00bboff|||18px|18px\u00bb global_colors_info=\u00bb{%22gcid-0d801b7f-cc38-4b14-95d5-6671dcc700bc%22:%91%22background_color%22%93}\u00bb]<\/p>\n<p><em>Livre<\/em><\/p>\n<p>[\/et_pb_text][\/et_pb_column][et_pb_column type=\"1_3\u2033 _builder_version=\"4.18.0\u2033 _module_preset=\"default\" background_color=\"#FFFFFF\" transform_translate_linked=\"off\" animation_style=\"slide\" animation_direction=\"bottom\" animation_delay=\"100ms\" border_radii=\"off||||15px|15px\" box_shadow_style=\"preset1\u2033 box_shadow_color=\"rgba(0,0,0,0,0,0.1)\" global_colors_info=\"{}\" transform_styles__hover_enabled=\"on|hover\" transform_scale__hover_enabled=\"on|desktop\" transform_translate__hover=\"0px|-10px\" transform_translate__hover_enabled=\"on|hover\" transform_rotate__hover_enabled=\"on|desktop\" transform_skew__hover_enabled=\"on|desktop\" transform_origin__hover_enabled=\"on|desktop\"][et_pb_image src=\"https :\/\/www.kontraolasurftenerife.com\/wp-content\/uploads\/2024\/06\/clase-sem.jpg\" title_text=\"clase-sem\" _builder_version=\"4.25.1\u2033 _module_preset=\"default\" border_radii=\"on|12px|12px|12px|12px|12px\" global_colors_info=\"{}\"][\/et_pbb_image][\/et_pb_image][et_pb_text _builder_version=\"4.27.0\u2033 _module_preset=\"default\" header_4_line_height=\"1.5em\" custom_padding=\"20px|30px|20px|30px|30px|true|true\" global_colors_info=\"{}\"]]<\/p>\n<p style=\"text-align: center;\"><span style=\"color: #000000;\"><strong>Cours semi-priv\u00e9<\/strong><\/span><\/p>\n<p style=\"text-align: center;\"><span style=\"font-weight: 400;\">R\u00e9servez une le\u00e7on semi-priv\u00e9e pour profiter du surf avec votre partenaire ou vos amis.<\/span><\/p>\n<p style=\"text-align: center;\"><span style=\"color: #353535;\"><strong>50\u20ac \/ personne<\/strong><\/span><\/p>\n<p>[\/et_pb_text][et_pb_text _builder_version=\u00bb4.27.0&#8243; _dynamic_attributes=\u00bblink_option_url\u00bb _module_preset=\u00bbdefault\u00bb text_text_color=\u00bb#FFFFFF\u00bb text_font_size=\u00bb18px\u00bb background_color=\u00bbgcid-0d801b7f-cc38-4b14-95d5-6671dcc700bc\u00bb text_orientation=\u00bbcenter\u00bb custom_padding=\u00bb22px||22px||true|false\u00bb link_option_url=\u00bb@ET-DC@eyJkeW5hbWljIjp0cnVlLCJjb250ZW50IjoicG9zdF9saW5rX3VybF9wYWdlIiwic2V0dGluZ3MiOnsicG9zdF9pZCI6IjE4NSJ9fQ==@\u00bb border_radii=\u00bboff|||18px|18px\u00bb global_colors_info=\u00bb{%22gcid-0d801b7f-cc38-4b14-95d5-6671dcc700bc%22:%91%22background_color%22%93}\u00bb]<\/p>\n<p><em>Livre<\/em><\/p>\n<p>[\/et_pb_text][\/et_pb_column][et_pb_column type=\"1_3\u2033 _builder_version=\"4.18.0\u2033 _module_preset=\"default\" background_color=\"#FFFFFF\" transform_translate_linked=\"off\" animation_style=\"slide\" animation_direction=\"bottom\" animation_delay=\"200ms\" border_radii=\"off||||15px|15px\" box_shadow_style=\"preset1\u2033 box_shadow_color=\"rgba(0,0,0,0,0,0.1)\" global_colors_info=\"{}\" transform_styles__hover_enabled=\"on|hover\" transform_scale__hover_enabled=\"on|desktop\" transform_translate__hover=\"0px|-10px\" transform_translate__hover_enabled=\"on|hover\" transform_rotate__hover_enabled=\"on|desktop\" transform_skew__hover_enabled=\"on|desktop\" transform_origin__hover_enabled=\"on|desktop\"][et_pb_image src=\"https :\/\/www.kontraolasurftenerife.com\/wp-content\/uploads\/2024\/06\/clase-privada.jpg\" title_text=\"clase-privada\" _builder_version=\"4.18.0\u2033 _module_preset=\"default\" border_radii=\"on|12px|12px|12px|12px|12px\" global_colors_info=\"{}\"][\/et_pbb_image][\/et_pb_image][et_pb_text _builder_version=\"4.27.0\u2033 _module_preset=\"default\" header_4_line_height=\"1.5em\" custom_padding=\"20px|30px|20px|30px|30px|true|true\" global_colors_info=\"{}\"]]<\/p>\n<p style=\"text-align: center;\"><span style=\"color: #000000;\"><strong>Classe priv\u00e9e<\/strong><\/span><\/p>\n<p style=\"text-align: center;\"><span style=\"font-weight: 400;\">Profitez d'un cours avec un instructeur qui vous est exclusivement d\u00e9di\u00e9.<\/span><\/p>\n<p style=\"text-align: center;\"><span style=\"color: #353535;\"><strong>70\u20ac \/ personne<\/strong><\/span><\/p>\n<p>[\/et_pb_text][et_pb_text _builder_version=\u00bb4.27.0&#8243; _dynamic_attributes=\u00bblink_option_url\u00bb _module_preset=\u00bbdefault\u00bb text_text_color=\u00bb#FFFFFF\u00bb text_font_size=\u00bb18px\u00bb background_color=\u00bbgcid-0d801b7f-cc38-4b14-95d5-6671dcc700bc\u00bb text_orientation=\u00bbcenter\u00bb custom_padding=\u00bb22px||22px||true|false\u00bb link_option_url=\u00bb@ET-DC@eyJkeW5hbWljIjp0cnVlLCJjb250ZW50IjoicG9zdF9saW5rX3VybF9wYWdlIiwic2V0dGluZ3MiOnsicG9zdF9pZCI6IjI3MSJ9fQ==@\u00bb border_radii=\u00bboff|||18px|18px\u00bb global_colors_info=\u00bb{%22gcid-0d801b7f-cc38-4b14-95d5-6671dcc700bc%22:%91%22background_color%22%93}\u00bb]<\/p>\n<p><em>Livre<\/em><\/p>\n<p>[\/et_pb_text][\/et_pb_column][\/et_pb_row][\/et_pb_section][et_pb_section fb_built=\"1\u2033 _builder_version=\"4.18.0\u2033 _module_preset=\"default\" background_color=\"#faf7f2\u2033 global_colors_info=\"{}\"][et_pb_row _builder_version=\"4.18.0\u2033 _module_preset=\"default\" custom_padding=\"|||6px||\" animation_style=\"fade\" global_colors_info=\"{}\"][et_pb_column type=\"4_4\u2033 _builder_version=\"4.18.0\u2033 _module_preset=\"default\" global_colors_info=\"{}\"][et_pb_image src=\"https:\/\/www.kontraolasurftenerife.com\/wp-content\/uploads\/2024\/06\/miscelanea-doble-ola.png\" title_text=\"miscellaneous-double-wave\" align=\"center\" _builder_version=\"4.18.0\u2033 _module_preset=\"default\" custom_margin=\"|||25px||\" global_colors_info=\"{}\"][\/et_pb_image][et_pb_text _builder_version=\"4.27.0\u2033 _module_preset=\"default\" text_font=\"|800|||||||\" header_2_font=\"|800|||||||\" header_2_text_color=\"#1e1e1e\" header_2_font_size=\"38px\" header_2_line_height=\"1.2em\" text_orientation=\"center\" custom_margin=\"|||46px||\" hover_enabled=\"0\u2033 header_2_font_size_tablet=\"38px\" header_2_font_size_phone=\"28px\" header_2_font_size_last_edited=\"on|phone\" global_colors_info=\"{}\" sticky_enabled=\"0\u2033 text_font_size=\"38px\" text_text_color=\"#000000\u2033 text_line_height=\"1.2em\"]<\/p>\n<p>Ce que disent nos \u00e9tudiants<\/p>\n<p>[\/et_pb_text][et_pb_video_slider show_arrows=\u00bboff\u00bb play_icon_color=\u00bbgcid-0d801b7f-cc38-4b14-95d5-6671dcc700bc\u00bb _builder_version=\u00bb4.25.1&#8243; _module_preset=\u00bbdefault\u00bb width=\u00bb80%\u00bb width_tablet=\u00bb80%\u00bb width_phone=\u00bb100%\u00bb width_last_edited=\u00bbon|phone\u00bb module_alignment=\u00bbcenter\u00bb border_radii=\u00bbon|20px|20px|20px|20px\u00bb global_colors_info=\u00bb{%22gcid-0d801b7f-cc38-4b14-95d5-6671dcc700bc%22:%91%22play_icon_color%22%93}\u00bb][et_pb_video_slider_item src=\u00bbhttps:\/\/www.kontraolasurftenerife.com\/wp-content\/uploads\/2024\/06\/Video-Sin-Titulo-\u2010-Hecho-Con-Clipchamp-8.mp4&#8243; image_src=\u00bbhttps:\/\/www.kontraolasurftenerife.com\/wp-content\/uploads\/2024\/06\/Captura-de-pantalla-2024-06-03-145546.png\u00bb _builder_version=\u00bb4.25.1&#8243; _module_preset=\u00bbdefault\u00bb global_colors_info=\u00bb{}\u00bb show_image_overlay=\u00bboff\u00bb][\/et_pb_video_slider_item][et_pb_video_slider_item src=\u00bbhttps:\/\/www.kontraolasurftenerife.com\/wp-content\/uploads\/2024\/06\/Video-Sin-Titulo-\u2010-Hecho-Con-Clipchamp-1.mp4&#8243; image_src=\u00bbhttps:\/\/www.kontraolasurftenerife.com\/wp-content\/uploads\/2024\/06\/Captura-de-pantalla-2024-06-03-145912.png\u00bb _builder_version=\u00bb4.25.1&#8243; _module_preset=\u00bbdefault\u00bb global_colors_info=\u00bb{}\u00bb show_image_overlay=\u00bboff\u00bb][\/et_pb_video_slider_item][et_pb_video_slider_item src=\u00bbhttps:\/\/www.kontraolasurftenerife.com\/wp-content\/uploads\/2024\/06\/Video-Sin-Titulo-\u2010-Hecho-Con-Clipchamp-7.mp4&#8243; image_src=\u00bbhttps:\/\/www.kontraolasurftenerife.com\/wp-content\/uploads\/2024\/06\/Captura-de-pantalla-2024-06-03-145624.png\u00bb _builder_version=\u00bb4.25.1&#8243; _module_preset=\u00bbdefault\u00bb global_colors_info=\u00bb{}\u00bb show_image_overlay=\u00bboff\u00bb][\/et_pb_video_slider_item][et_pb_video_slider_item src=\u00bbhttps:\/\/www.kontraolasurftenerife.com\/wp-content\/uploads\/2024\/06\/Video-Sin-Titulo-\u2010-Hecho-Con-Clipchamp-6.mp4&#8243; image_src=\u00bbhttps:\/\/www.kontraolasurftenerife.com\/wp-content\/uploads\/2024\/06\/Captura-de-pantalla-2024-06-03-145654.png\u00bb _builder_version=\u00bb4.25.1&#8243; _module_preset=\u00bbdefault\u00bb global_colors_info=\u00bb{}\u00bb show_image_overlay=\u00bboff\u00bb][\/et_pb_video_slider_item][et_pb_video_slider_item src=\u00bbhttps:\/\/www.kontraolasurftenerife.com\/wp-content\/uploads\/2024\/06\/Video-Sin-Titulo-\u2010-Hecho-Con-Clipchamp-5.mp4&#8243; image_src=\u00bbhttps:\/\/www.kontraolasurftenerife.com\/wp-content\/uploads\/2024\/06\/Captura-de-pantalla-2024-06-03-145720.png\u00bb _builder_version=\u00bb4.25.1&#8243; _module_preset=\u00bbdefault\u00bb global_colors_info=\u00bb{}\u00bb show_image_overlay=\u00bboff\u00bb][\/et_pb_video_slider_item][et_pb_video_slider_item src=\u00bbhttps:\/\/www.kontraolasurftenerife.com\/wp-content\/uploads\/2024\/06\/Video-Sin-Titulo-\u2010-Hecho-Con-Clipchamp-3.mp4&#8243; image_src=\u00bbhttps:\/\/www.kontraolasurftenerife.com\/wp-content\/uploads\/2024\/06\/Captura-de-pantalla-2024-06-03-145747.png\u00bb _builder_version=\u00bb4.25.1&#8243; _module_preset=\u00bbdefault\u00bb global_colors_info=\u00bb{}\u00bb show_image_overlay=\u00bboff\u00bb][\/et_pb_video_slider_item][et_pb_video_slider_item src=\u00bbhttps:\/\/www.kontraolasurftenerife.com\/wp-content\/uploads\/2024\/06\/Video-Sin-Titulo-\u2010-Hecho-Con-Clipchamp-4.mp4&#8243; image_src=\u00bbhttps:\/\/www.kontraolasurftenerife.com\/wp-content\/uploads\/2024\/06\/Captura-de-pantalla-2024-06-03-145820.png\u00bb _builder_version=\u00bb4.25.1&#8243; _module_preset=\u00bbdefault\u00bb global_colors_info=\u00bb{}\u00bb show_image_overlay=\u00bboff\u00bb][\/et_pb_video_slider_item][\/et_pb_video_slider][\/et_pb_column][\/et_pb_row][\/et_pb_section][et_pb_section fb_built=\u00bb1&#8243; custom_padding_last_edited=\u00bbon|phone\u00bb _builder_version=\u00bb4.25.1&#8243; _module_preset=\u00bbdefault\u00bb background_color=\u00bb#faf7f2&#8243; custom_padding_tablet=\u00bb\u00bb custom_padding_phone=\u00bb||0px||false|false\u00bb global_colors_info=\u00bb{}\u00bb][et_pb_row _builder_version=\u00bb4.25.1&#8243; _module_preset=\u00bbdefault\u00bb custom_padding=\u00bb||||false|false\u00bb animation_style=\u00bbfade\u00bb global_colors_info=\u00bb{}\u00bb][et_pb_column type=\u00bb4_4&#8243; _builder_version=\u00bb4.18.0&#8243; _module_preset=\u00bbdefault\u00bb global_colors_info=\u00bb{}\u00bb][et_pb_image src=\u00bbhttps:\/\/www.kontraolasurftenerife.com\/wp-content\/uploads\/2024\/06\/miscelanea-doble-ola.png\u00bb title_text=\u00bbmiscelanea-doble-ola\u00bb align=\u00bbcenter\u00bb _builder_version=\u00bb4.18.0&#8243; _module_preset=\u00bbdefault\u00bb custom_margin=\u00bb||25px|||\u00bb global_colors_info=\u00bb{}\u00bb][\/et_pb_image][et_pb_text _builder_version=\u00bb4.27.0&#8243; _module_preset=\u00bbdefault\u00bb text_font=\u00bb|800|||||||\u00bb header_2_font=\u00bb|800|||||||\u00bb header_2_text_color=\u00bb#1e1e1e\u00bb header_2_font_size=\u00bb38px\u00bb header_2_line_height=\u00bb1.2em\u00bb text_orientation=\u00bbcenter\u00bb custom_margin=\u00bb||46px|||\u00bb header_2_font_size_tablet=\u00bb38px\u00bb header_2_font_size_phone=\u00bb28px\u00bb header_2_font_size_last_edited=\u00bbon|phone\u00bb global_colors_info=\u00bb{}\u00bb sticky_enabled=\u00bb0&#8243; text_font_size=\u00bb38px\u00bb text_text_color=\u00bb#000000&#8243; text_line_height=\u00bb1.2em\u00bb hover_enabled=\u00bb0&#8243;]<\/p>\n<p>Avis des clients<\/p>\n<p>[\/et_pb_text][et_pb_code _builder_version=\"4.25.1\u2033 _module_preset=\"default\" global_colors_info=\"{}\"]<div data-src=\"https:\/\/cdn.trustindex.io\/loader.js?wp-widget\" data-html-url=\"https:\/\/www.kontraolasurftenerife.com?trustindex-google-widget-content\" data-css-url=\"https:\/\/www.kontraolasurftenerife.com\/wp-content\/uploads\/trustindex-google-widget.css?1731409994\"><\/div>[\/et_pb_code][\/et_pb_column][\/et_pb_row][\/et_pb_section][et_pb_section fb_built=\"1\u2033 disabled_on=\"on|on|on\" _builder_version=\"4.25.1\u2033 _module_preset=\"default\" custom_padding=\"80px||60px||false|false\" disabled=\"on\" global_colors_info=\"{}\"][et_pb_row column_structure=\"2_5,3_5\u2033 use_custom_gutter=\"on\" make_equal=\"on\" _builder_version=\"4.25.1\u2033 _module_preset=\"default\" width_tablet=\"100%\" width_phone=\"80%\" width_last_edited=\"on|phone\" max_width_tablet=\"100%\" max_width_phone=\"80%\" max_width_last_edited=\"on|phone\" global_colors_info=\"{}\"][et_pb_column type=\"2_5\u2033 _builder_version=\"4.18.0\u2033 _module_preset=\"default\" animation_style=\"slide\" animation_direction=\"left\" global_colors_info=\"{}\"][et_pb_image src=\"https:\/\/www.kontraolasurftenerife.com\/wp-content\/uploads\/2024\/06\/que-esta-incluido-en-nuestras-clases-min.png\" title_text=\"what-is-included-in-our-classes-min\" _builder_version=\"4.25.1\u2033 _module_preset=\"default\" transform_scale=\"164%|164%\" transform_scale_tablet=\"164%|164%\" transform_scale_phone=\"132%|132%\" transform_scale_last_edited=\"on|phone\" transform_translate=\"-101px|33px\" transform_translate_tablet=\"-101px|33px\" transform_translate_phone=\"-18px|-25px\" transform_translate_last_edited=\"on|phone\" transform_rotate_tablet=\"\" transform_rotate_phone=\"\" transform_rotate_last_edited=\"on|phone\" transform_skew_tablet=\"\" transform_skew_phone=\"\" transform_skew_last_edited=\"on|phone\" transform_origin_tablet=\"\" transform_origin_phone=\"\" transform_origin_last_edited=\"on|phone\" transform_origin_last_edited=\"on|phone\" transform_origin_last_edited=\"on|phone\" transform_styles_styles_last_edited=\"on|phone\" custom_margin_tablet=\"\" custom_margin_phone=\"|||40px||false|false\" custom_margin_last_edited=\"on|phone\" transform_styles_tablet=\"\" transform_styles_phone=\"\" global_colors_info=\"{}\"][\/et_pb_image][\/et_pb_column][et_pb_column type=\"3_5\u2033 _builder_version=\"4.18.0\u2033 _module_preset=\"default\" animation_style=\"fold\" animation_direction=\"right\" custom_css_main_element=\"margin:auto\" global_colors_info=\"{}\"][et_pb_image src=\"https:\/\/www.kontraolasurftenerife.com\/wp-content\/uploads\/2024\/06\/miscellaneous-double-ola.png\" title_text=\"miscellaneous-double-ola\" _builder_version=\"4.18.0\u2033 _module_preset=\"default\" custom_margin=\"|||23px||\" global_colors_info=\"{}\"][\/et_pb_image][\/et_pb_image][et_pb_text _builder_version=\"4.27.0\u2033 _module_preset=\"default\" header_2_font=\"|800|||||||\" header_2_text_color=\"#1e1e1e\" header_2_font_size=\"38px\" header_2_line_height=\"1.2em\" width_tablet=\"60%\" width_phone=\"100%\" width_last_edited=\"on|phone\" custom_margin=\"|||15px||||\" hover_enabled=\"0\u2033 header_2_font_size_tablet=\"38px\" header_2_font_size_phone=\"28px\" header_2_font_size_last_edited=\"on|phone\" global_colors_info=\"{}\" sticky_enabled=\"0\u2033]<\/p>\n<h2>Qu'est-ce qui est inclus dans les cours de surf ?<\/h2>\n<p>[\/et_pb_text][et_pb_text _builder_version=\"4.27.0\u2033 _module_preset=\"default\" width_tablet=\"65%\" width_phone=\"100%\" width_last_edited=\"on|phone\" custom_margin=\"|||28px||\" global_colors_info=\"{}\"]<\/p>\n<p><span style=\"font-weight: 400;\">Chaque cours commence par 30 minutes de th\u00e9orie et d'\u00e9chauffement hors de l'eau. Ensuite, nous poursuivons avec environ 1 heure et 30 minutes de pratique dans la mer, dans l'eau et dans la piscine. <\/span><b>Playa de Las Am\u00e9ricas<\/b><span style=\"font-weight: 400;\">juste \u00e0 c\u00f4t\u00e9 de notre <\/span><b>\u00e9cole de surf<\/b><span style=\"font-weight: 400;\">.<\/span><\/p>\n<p>[\/et_pb_text][dsm_icon_list icon_color=\u00bbgcid-0d801b7f-cc38-4b14-95d5-6671dcc700bc\u00bb icon_gap_width=\u00bb1.3em\u00bb icon_font_size=\u00bb20px\u00bb _builder_version=\u00bb4.27.0&#8243; _module_preset=\u00bbdefault\u00bb text_line_height=\u00bb2em\u00bb global_colors_info=\u00bb{%22gcid-0d801b7f-cc38-4b14-95d5-6671dcc700bc%22:%91%22icon_color%22%93}\u00bb][dsm_icon_list_child text=\u00bbTabla de surf \/ bodyboard\u00bb font_icon=\u00bb&#xe052;||divi||400&#8243; icon_color=\u00bbgcid-0d801b7f-cc38-4b14-95d5-6671dcc700bc\u00bb icon_background_color=\u00bbRGBA(255,255,255,0)\u00bb _builder_version=\u00bb4.25.1&#8243; _module_preset=\u00bbdefault\u00bb global_colors_info=\u00bb{%22gcid-0d801b7f-cc38-4b14-95d5-6671dcc700bc%22:%91%22icon_color%22%93}\u00bb][\/dsm_icon_list_child][dsm_icon_list_child text=\u00bbTraje de neopreno\u00bb font_icon=\u00bb&#xe052;||divi||400&#8243; icon_color=\u00bbgcid-0d801b7f-cc38-4b14-95d5-6671dcc700bc\u00bb icon_background_color=\u00bbRGBA(255,255,255,0)\u00bb _builder_version=\u00bb4.25.1&#8243; _module_preset=\u00bbdefault\u00bb global_colors_info=\u00bb{%22gcid-0d801b7f-cc38-4b14-95d5-6671dcc700bc%22:%91%22icon_color%22,%22icon_background_color%22,%22icon_color%22%93}\u00bb][\/dsm_icon_list_child][dsm_icon_list_child text=\u00bbCasco protector (opcional)\u00bb font_icon=\u00bb&#xe052;||divi||400&#8243; icon_color=\u00bbgcid-0d801b7f-cc38-4b14-95d5-6671dcc700bc\u00bb icon_background_color=\u00bbRGBA(255,255,255,0)\u00bb _builder_version=\u00bb4.27.0&#8243; _module_preset=\u00bbdefault\u00bb global_colors_info=\u00bb{%22gcid-0d801b7f-cc38-4b14-95d5-6671dcc700bc%22:%91%22icon_color%22,%22icon_background_color%22,%22icon_color%22%93}\u00bb][\/dsm_icon_list_child][dsm_icon_list_child text=\u00bbEscarpines (opcional)\u00bb font_icon=\u00bb&#xe052;||divi||400&#8243; icon_color=\u00bbgcid-0d801b7f-cc38-4b14-95d5-6671dcc700bc\u00bb icon_background_color=\u00bbRGBA(255,255,255,0)\u00bb _builder_version=\u00bb4.27.0&#8243; _module_preset=\u00bbdefault\u00bb global_colors_info=\u00bb{%22gcid-0d801b7f-cc38-4b14-95d5-6671dcc700bc%22:%91%22icon_color%22,%22icon_background_color%22,%22icon_color%22%93}\u00bb][\/dsm_icon_list_child][dsm_icon_list_child text=\u00bbAletas (para bodyboard)\u00bb font_icon=\u00bb&#xe052;||divi||400&#8243; icon_color=\u00bbgcid-0d801b7f-cc38-4b14-95d5-6671dcc700bc\u00bb icon_background_color=\u00bbRGBA(255,255,255,0)\u00bb _builder_version=\u00bb4.27.0&#8243; _module_preset=\u00bbdefault\u00bb global_colors_info=\u00bb{%22gcid-0d801b7f-cc38-4b14-95d5-6671dcc700bc%22:%91%22icon_color%22,%22icon_background_color%22,%22icon_color%22%93}\u00bb][\/dsm_icon_list_child][dsm_icon_list_child text=\u00bbLycra identificativa de la escuela\u00bb font_icon=\u00bb&#xe052;||divi||400&#8243; icon_color=\u00bbgcid-0d801b7f-cc38-4b14-95d5-6671dcc700bc\u00bb icon_background_color=\u00bbRGBA(255,255,255,0)\u00bb _builder_version=\u00bb4.25.1&#8243; _module_preset=\u00bbdefault\u00bb global_colors_info=\u00bb{%22gcid-0d801b7f-cc38-4b14-95d5-6671dcc700bc%22:%91%22icon_color%22,%22icon_color%22,%22icon_background_color%22,%22icon_color%22%93}\u00bb][\/dsm_icon_list_child][dsm_icon_list_child text=\u00bbSeguro de accidentes\u00bb font_icon=\u00bb&#xe052;||divi||400&#8243; icon_color=\u00bbgcid-0d801b7f-cc38-4b14-95d5-6671dcc700bc\u00bb icon_background_color=\u00bbRGBA(255,255,255,0)\u00bb _builder_version=\u00bb4.25.1&#8243; _module_preset=\u00bbdefault\u00bb global_colors_info=\u00bb{%22gcid-0d801b7f-cc38-4b14-95d5-6671dcc700bc%22:%91%22icon_color%22,%22icon_background_color%22,%22icon_color%22%93}\u00bb][\/dsm_icon_list_child][\/dsm_icon_list][\/et_pb_column][\/et_pb_row][\/et_pb_section][et_pb_section fb_built=\u00bb1&#8243; _builder_version=\u00bb4.25.1&#8243; _module_preset=\u00bbdefault\u00bb custom_padding=\u00bb80px||60px||false|false\u00bb global_colors_info=\u00bb{}\u00bb][et_pb_row column_structure=\u00bb1_2,1_2&#8243; use_custom_gutter=\u00bbon\u00bb make_equal=\u00bbon\u00bb _builder_version=\u00bb4.25.1&#8243; _module_preset=\u00bbdefault\u00bb width_tablet=\u00bb100%\u00bb width_phone=\u00bb80%\u00bb width_last_edited=\u00bbon|phone\u00bb max_width_tablet=\u00bb100%\u00bb max_width_phone=\u00bb80%\u00bb max_width_last_edited=\u00bbon|phone\u00bb global_colors_info=\u00bb{}\u00bb][et_pb_column type=\u00bb1_2&#8243; _builder_version=\u00bb4.25.1&#8243; _module_preset=\u00bbdefault\u00bb background_enable_image=\u00bboff\u00bb transform_scale_tablet=\u00bb\u00bb transform_scale_phone=\u00bb\u00bb transform_scale_last_edited=\u00bbon|phone\u00bb transform_translate_tablet=\u00bb\u00bb transform_translate_phone=\u00bb\u00bb transform_translate_last_edited=\u00bbon|phone\u00bb transform_translate_linked=\u00bboff\u00bb transform_rotate_tablet=\u00bb\u00bb transform_rotate_phone=\u00bb\u00bb transform_rotate_last_edited=\u00bbon|phone\u00bb transform_skew_tablet=\u00bb\u00bb transform_skew_phone=\u00bb\u00bb transform_skew_last_edited=\u00bbon|phone\u00bb transform_origin_tablet=\u00bb\u00bb transform_origin_phone=\u00bb\u00bb transform_origin_last_edited=\u00bbon|phone\u00bb transform_styles_last_edited=\u00bbon|phone\u00bb custom_padding=\u00bb||||false|false\u00bb animation_style=\u00bbslide\u00bb animation_direction=\u00bbleft\u00bb transform_styles_tablet=\u00bb\u00bb transform_styles_phone=\u00bb\u00bb border_radii=\u00bboff||30px|30px|\u00bb global_colors_info=\u00bb{}\u00bb][et_pb_image src=\u00bbhttps:\/\/www.kontraolasurftenerife.com\/wp-content\/uploads\/2024\/06\/img-kontraola-02-min.png\u00bb title_text=\u00bbimg-kontraola-02-min\u00bb _builder_version=\u00bb4.25.1&#8243; _module_preset=\u00bbdefault\u00bb custom_margin_tablet=\u00bb\u00bb custom_margin_phone=\u00bb||30px||false|false\u00bb custom_margin_last_edited=\u00bbon|phone\u00bb global_colors_info=\u00bb{}\u00bb][\/et_pb_image][\/et_pb_column][et_pb_column type=\u00bb1_2&#8243; _builder_version=\u00bb4.25.1&#8243; _module_preset=\u00bbdefault\u00bb custom_padding=\u00bb||||false|false\u00bb custom_padding_tablet=\u00bb|15%|||false|false\u00bb custom_padding_phone=\u00bb|0%|||false|false\u00bb custom_padding_last_edited=\u00bbon|phone\u00bb animation_style=\u00bbfold\u00bb animation_direction=\u00bbright\u00bb custom_css_main_element=\u00bbmargin:auto\u00bb global_colors_info=\u00bb{}\u00bb][et_pb_image src=\u00bbhttps:\/\/www.kontraolasurftenerife.com\/wp-content\/uploads\/2024\/06\/miscelanea-doble-ola.png\u00bb title_text=\u00bbmiscelanea-doble-ola\u00bb _builder_version=\u00bb4.18.0&#8243; _module_preset=\u00bbdefault\u00bb custom_margin=\u00bb||23px|||\u00bb global_colors_info=\u00bb{}\u00bb][\/et_pb_image][et_pb_text _builder_version=\u00bb4.27.0&#8243; _module_preset=\u00bbdefault\u00bb header_2_font=\u00bb|800|||||||\u00bb header_2_text_color=\u00bb#1e1e1e\u00bb header_2_font_size=\u00bb38px\u00bb header_2_line_height=\u00bb1.2em\u00bb width_tablet=\u00bb60%\u00bb width_phone=\u00bb100%\u00bb width_last_edited=\u00bbon|phone\u00bb custom_margin=\u00bb||15px|||\u00bb hover_enabled=\u00bb0&#8243; header_2_font_size_tablet=\u00bb38px\u00bb header_2_font_size_phone=\u00bb28px\u00bb header_2_font_size_last_edited=\u00bbon|phone\u00bb global_colors_info=\u00bb{}\u00bb sticky_enabled=\u00bb0&#8243;]<\/p>\n<h2>Qu'est-ce qui est inclus dans les cours de surf ?<\/h2>\n<p>[\/et_pb_text][et_pb_text _builder_version=\"4.27.0\u2033 _module_preset=\"default\" width_tablet=\"65%\" width_phone=\"100%\" width_last_edited=\"on|phone\" custom_margin=\"|||28px||\" global_colors_info=\"{}\"]<\/p>\n<p><span style=\"font-weight: 400;\">Chaque cours commence par 30 minutes de th\u00e9orie et d'\u00e9chauffement hors de l'eau. Ensuite, nous poursuivons avec environ 1 heure et 30 minutes de pratique dans la mer, dans l'eau et dans la piscine. <\/span><b>Playa de Las Am\u00e9ricas<\/b><span style=\"font-weight: 400;\">juste \u00e0 c\u00f4t\u00e9 de notre <\/span><b>\u00e9cole de surf<\/b><span style=\"font-weight: 400;\">.<\/span><\/p>\n<p>[\/et_pb_text][dsm_icon_list icon_color=\u00bbgcid-0d801b7f-cc38-4b14-95d5-6671dcc700bc\u00bb icon_gap_width=\u00bb1.3em\u00bb icon_font_size=\u00bb20px\u00bb _builder_version=\u00bb4.27.0&#8243; _module_preset=\u00bbdefault\u00bb text_line_height=\u00bb2em\u00bb global_colors_info=\u00bb{%22gcid-0d801b7f-cc38-4b14-95d5-6671dcc700bc%22:%91%22icon_color%22%93}\u00bb][dsm_icon_list_child text=\u00bbTabla de surf \/ bodyboard\u00bb font_icon=\u00bb&#xe052;||divi||400&#8243; icon_color=\u00bbgcid-0d801b7f-cc38-4b14-95d5-6671dcc700bc\u00bb icon_background_color=\u00bbRGBA(255,255,255,0)\u00bb _builder_version=\u00bb4.25.1&#8243; _module_preset=\u00bbdefault\u00bb global_colors_info=\u00bb{%22gcid-0d801b7f-cc38-4b14-95d5-6671dcc700bc%22:%91%22icon_color%22%93}\u00bb][\/dsm_icon_list_child][dsm_icon_list_child text=\u00bbTraje de neopreno\u00bb font_icon=\u00bb&#xe052;||divi||400&#8243; icon_color=\u00bbgcid-0d801b7f-cc38-4b14-95d5-6671dcc700bc\u00bb icon_background_color=\u00bbRGBA(255,255,255,0)\u00bb _builder_version=\u00bb4.25.1&#8243; _module_preset=\u00bbdefault\u00bb global_colors_info=\u00bb{%22gcid-0d801b7f-cc38-4b14-95d5-6671dcc700bc%22:%91%22icon_color%22,%22icon_background_color%22,%22icon_color%22%93}\u00bb][\/dsm_icon_list_child][dsm_icon_list_child text=\u00bbCasco protector (opcional)\u00bb font_icon=\u00bb&#xe052;||divi||400&#8243; icon_color=\u00bbgcid-0d801b7f-cc38-4b14-95d5-6671dcc700bc\u00bb icon_background_color=\u00bbRGBA(255,255,255,0)\u00bb _builder_version=\u00bb4.27.0&#8243; _module_preset=\u00bbdefault\u00bb global_colors_info=\u00bb{%22gcid-0d801b7f-cc38-4b14-95d5-6671dcc700bc%22:%91%22icon_color%22,%22icon_background_color%22,%22icon_color%22%93}\u00bb][\/dsm_icon_list_child][dsm_icon_list_child text=\u00bbEscarpines (opcional)\u00bb font_icon=\u00bb&#xe052;||divi||400&#8243; icon_color=\u00bbgcid-0d801b7f-cc38-4b14-95d5-6671dcc700bc\u00bb icon_background_color=\u00bbRGBA(255,255,255,0)\u00bb _builder_version=\u00bb4.27.0&#8243; _module_preset=\u00bbdefault\u00bb global_colors_info=\u00bb{%22gcid-0d801b7f-cc38-4b14-95d5-6671dcc700bc%22:%91%22icon_color%22,%22icon_background_color%22,%22icon_color%22%93}\u00bb][\/dsm_icon_list_child][dsm_icon_list_child text=\u00bbAletas (para bodyboard)\u00bb font_icon=\u00bb&#xe052;||divi||400&#8243; icon_color=\u00bbgcid-0d801b7f-cc38-4b14-95d5-6671dcc700bc\u00bb icon_background_color=\u00bbRGBA(255,255,255,0)\u00bb _builder_version=\u00bb4.27.0&#8243; _module_preset=\u00bbdefault\u00bb global_colors_info=\u00bb{%22gcid-0d801b7f-cc38-4b14-95d5-6671dcc700bc%22:%91%22icon_color%22,%22icon_background_color%22,%22icon_color%22%93}\u00bb][\/dsm_icon_list_child][dsm_icon_list_child text=\u00bbLycra identificativa de la escuela\u00bb font_icon=\u00bb&#xe052;||divi||400&#8243; icon_color=\u00bbgcid-0d801b7f-cc38-4b14-95d5-6671dcc700bc\u00bb icon_background_color=\u00bbRGBA(255,255,255,0)\u00bb _builder_version=\u00bb4.25.1&#8243; _module_preset=\u00bbdefault\u00bb global_colors_info=\u00bb{%22gcid-0d801b7f-cc38-4b14-95d5-6671dcc700bc%22:%91%22icon_color%22,%22icon_color%22,%22icon_background_color%22,%22icon_color%22%93}\u00bb][\/dsm_icon_list_child][dsm_icon_list_child text=\u00bbSeguro de accidentes\u00bb font_icon=\u00bb&#xe052;||divi||400&#8243; icon_color=\u00bbgcid-0d801b7f-cc38-4b14-95d5-6671dcc700bc\u00bb icon_background_color=\u00bbRGBA(255,255,255,0)\u00bb _builder_version=\u00bb4.25.1&#8243; _module_preset=\u00bbdefault\u00bb global_colors_info=\u00bb{%22gcid-0d801b7f-cc38-4b14-95d5-6671dcc700bc%22:%91%22icon_color%22,%22icon_background_color%22,%22icon_color%22%93}\u00bb][\/dsm_icon_list_child][\/dsm_icon_list][\/et_pb_column][\/et_pb_row][\/et_pb_section][et_pb_section fb_built=\u00bb1&#8243; _builder_version=\u00bb4.25.1&#8243; _module_preset=\u00bbdefault\u00bb bottom_divider_color=\u00bb#faf7f2&#8243; bottom_divider_height=\u00bb500px\u00bb global_colors_info=\u00bb{}\u00bb][et_pb_row _builder_version=\u00bb4.18.0&#8243; _module_preset=\u00bbdefault\u00bb animation_style=\u00bbfade\u00bb global_colors_info=\u00bb{}\u00bb][et_pb_column type=\u00bb4_4&#8243; _builder_version=\u00bb4.18.0&#8243; _module_preset=\u00bbdefault\u00bb global_colors_info=\u00bb{}\u00bb][et_pb_image src=\u00bbhttps:\/\/www.kontraolasurftenerife.com\/wp-content\/uploads\/2024\/06\/miscelanea-doble-ola.png\u00bb title_text=\u00bbmiscelanea-doble-ola\u00bb align=\u00bbcenter\u00bb _builder_version=\u00bb4.18.0&#8243; _module_preset=\u00bbdefault\u00bb custom_margin=\u00bb||25px|||\u00bb global_colors_info=\u00bb{}\u00bb][\/et_pb_image][et_pb_text _builder_version=\u00bb4.27.0&#8243; _module_preset=\u00bbdefault\u00bb text_font=\u00bb|800|||||||\u00bb header_2_font=\u00bb|800|||||||\u00bb header_2_text_color=\u00bb#1e1e1e\u00bb header_2_font_size=\u00bb38px\u00bb header_2_line_height=\u00bb1.2em\u00bb text_orientation=\u00bbcenter\u00bb custom_margin=\u00bb||15px|||\u00bb hover_enabled=\u00bb0&#8243; header_2_font_size_tablet=\u00bb38px\u00bb header_2_font_size_phone=\u00bb28px\u00bb header_2_font_size_last_edited=\u00bbon|phone\u00bb global_colors_info=\u00bb{}\u00bb sticky_enabled=\u00bb0&#8243; text_font_size=\u00bb38px\u00bb text_line_height=\u00bb1.2em\u00bb text_text_color=\u00bb#000000&#8243;]<\/p>\n<p>Rencontrez nos instructeurs<\/p>\n<p>[\/et_pb_text][et_pb_text _builder_version=\u00bb4.27.0&#8243; _module_preset=\u00bbdefault\u00bb link_text_color=\u00bbgcid-0d801b7f-cc38-4b14-95d5-6671dcc700bc\u00bb text_orientation=\u00bbcenter\u00bb width=\u00bb70%\u00bb width_tablet=\u00bb65%\u00bb width_phone=\u00bb100%\u00bb width_last_edited=\u00bbon|phone\u00bb module_alignment=\u00bbcenter\u00bb custom_margin=\u00bb||27px|||\u00bb global_colors_info=\u00bb{%22gcid-0d801b7f-cc38-4b14-95d5-6671dcc700bc%22:%91%22link_text_color%22%93}\u00bb]<\/p>\n<p><span style=\"font-weight: 400;\">Felix Trujillo a fond\u00e9 le <\/span><b>\u00c9cole de surf de Kontraola<\/b><span style=\"font-weight: 400;\"> sur les valeurs familiales, au c\u0153ur m\u00eame de l'Europe. <\/span><b>Playa de Las Am\u00e9ricas<\/b><span style=\"font-weight: 400;\">Qui de mieux pour guider vos premiers pas dans l'eau que quelqu'un qui a grandi dans ces vagues ?<\/span><\/p>\n<p><span style=\"font-weight: 400;\">Nos instructeurs sont certifi\u00e9s et agr\u00e9\u00e9s par la <\/span><a href=\"https:\/\/www.fcsurf.es\/\"><span style=\"font-weight: 400;\">f\u00e9d\u00e9ration canarienne de surf<\/span><\/a><span style=\"font-weight: 400;\"> et le <\/span><a href=\"https:\/\/www.fesurf.es\/\"><span style=\"font-weight: 400;\">f\u00e9d\u00e9ration espagnole de surf<\/span><\/a><\/p>\n<p>[\/et_pb_text][\/et_pb_column][\/et_pb_row][et_pb_row column_structure=\"1_2,1_2\u2033 use_custom_gutter=\"on\" gutter_width=\"1\u2033 make_equal=\"on\" _builder_version=\"4.25.1\u2033 _module_preset=\"default\" background_color=\"#1e1e1e\" width=\"65%\" width_tablet=\"65%\" width_phone=\"80%\" width_last_edited=\"on|phone\" module_alignment=\"center\" custom_padding=\"0px||0px||true|false\" animation_style=\"slide\" animation_direction=\"left\" global_colors_info=\"{}\"][et_pb_column type=\"1_2\u2033 _builder_version=\"4.25.1\u2033 _module_preset=\"default\" global_colors_info=\"{}\"][et_pb_image src=\"https:\/\/www.kontraolasurftenerife.com\/wp-content\/uploads\/2024\/06\/felix-expertos.jpg\" title_text=\"felix-expertos\" force_fullwidth=\"on\" _builder_version=\"4.25.1\u2033 _module_preset=\"default\" global_colors_info=\"{}\"][\/et_pb_image][\/et_pb_column][et_pb_column type=\"1_2\u2033 _builder_version=\"4.25.1\u2033 _module_preset=\"default\" custom_css_main_element=\"margin:auto\" global_colors_info=\"{}\"][et_pb_text _builder_version=\"4.27.0\u2033 _module_preset=\"default\" text_text_color=\"#FFFFFF\" link_text_color=\"#E09900\u2033 ul_font=\"|300|||||||\" ul_text_color=\"#FFFFFFFF\" header_3_font=\"|600|||||||\" header_3_text_color=\"#FFFFFFFFFF\" header_3_font_size=\"25px\" custom_margin=\"||||126px|false|false\" custom_margin_tablet=\"||||126px|false|false\" custom_margin_phone=\"30px|||0px|false|false|false\" custom_margin_last_edited=\"on|phone\" custom_padding=\"|83px||||false|false|false\" custom_padding_tablet=\"|83px||false|false|false\" custom_padding_phone=\"0px|30px|30px|30px|30px|false|false\" custom_padding_last_edited=\"on|phone\" hover_enabled=\"0\u2033 global_colors_info=\"{}\" sticky_enabled=\"0\u2033 text_font=\"|600|||||||\" text_font_size=\"25px\" text_line_height=\"1.5em\"]<\/p>\n<p>F\u00e9lix<\/p>\n<p>[\/et_pb_text][et_pb_text _builder_version=\"4.27.0\u2033 _module_preset=\"default\" text_text_color=\"#FFFFFFFF\" link_text_color=\"#E09900\u2033 ul_font=\"|300|||||||\" ul_text_color=\"#FFFFFFFF\" header_3_font=\"|600|||||||\" header_3_text_color=\"#FFFFFFFF\" header_3_font_size=\"25px\" custom_margin=\"|||126px|false|false|false\" custom_margin_tablet=\"||||126px|false|false|false\" custom_margin_phone=\"30px||||0px|false|false|false\" custom_margin_last_edited=\"on|phone\" custom_padding=\"|83px||false|false|false\" custom_padding_tablet=\"|83px||false|false|false\" custom_padding_phone=\"0px|30px|30px|30px|30px|false|false|false\" custom_padding_last_edited=\"on|phone\" hover_enabled=\"0\u2033 global_colors_info=\"{}\" sticky_enabled=\"0\u2033]<\/p>\n<p><span style=\"font-weight: 400;\">Plus de 20 ans d'exp\u00e9rience en tant que moniteur de surf, pour enseigner comment prendre des vagues et appr\u00e9cier ce sport.<\/span><\/p>\n<ul>\n<li><span style=\"font-weight: 400;\">Moniteur de surf niveau 1<\/span><\/li>\n<li><span style=\"font-weight: 400;\">Entra\u00eeneur officiel de surf niveau 2<\/span><\/li>\n<li><span style=\"font-weight: 400;\">Technicien en <\/span><a href=\"https:\/\/www.gradosdeevoluciondeportiva.es\/web\/surf\/\"><span style=\"font-weight: 400;\">Degr\u00e9s d'\u00e9volution du sport<\/span><\/a><span style=\"font-weight: 400;\"> par le Consejo Superior de Deportes (<\/span><a href=\"https:\/\/www.csd.gob.es\/es\"><span style=\"font-weight: 400;\">CSD<\/span><\/a><span style=\"font-weight: 400;\">)<\/span><\/li>\n<li><span style=\"font-weight: 400;\">Instructeur de <\/span><a href=\"https:\/\/es.wikipedia.org\/wiki\/Surf_adaptado\"><span style=\"font-weight: 400;\">Surf adapt\u00e9<\/span><\/a><\/li>\n<li><span style=\"font-weight: 400;\">Parle espagnol et anglais<\/span><\/li>\n<\/ul>\n<p>[\/et_pb_text][\/et_pb_column][\/et_pb_row][et_pb_row column_structure=\"1_2,1_2\u2033 use_custom_gutter=\"on\" gutter_width=\"1\u2033 make_equal=\"on\" module_class=\"reverse\" _builder_version=\"4.25.1\u2033 _module_preset=\"default\" background_color=\"#1e1e1e\" width=\"65%\" width_tablet=\"65%\" width_phone=\"80%\" width_last_edited=\"on|phone\" module_alignment=\"center\" custom_padding=\"0px||0px||true|false\" animation_style=\"slide\" animation_direction=\"right\" global_colors_info=\"{}\"][et_pb_column type=\"1_2\u2033 _builder_version=\"4.25.1\u2033 _module_preset=\"default\" custom_css_main_element=\"margin:auto\" global_colors_info=\"{}\"][et_pb_text _builder_version=\"4.27.0\u2033 _module_preset=\"default\" text_text_color=\"#FFFFFFFF\" ul_font=\"|300|||||||\" ul_text_color=\"#FFFFFFFF\" header_3_font=\"|600|||||||\" header_3_text_color=\"#FFFFFFFFFF\" header_3_font_size=\"25px\" custom_margin=\"||||65px|false|false|false\" custom_margin_tablet=\"||||65px|false|false\" custom_margin_phone=\"||||0px|false|false|false\" custom_margin_last_edited=\"on|phone\" custom_padding=\"|50px||55px|false|false|false\" custom_padding_tablet=\"|50px||55px|false|false|false\" custom_padding_phone=\"40px||35px|35px|35px|false|false\" custom_padding_last_edited=\"on|phone\" hover_enabled=\"0\u2033 global_colors_info=\"{}\" sticky_enabled=\"0\u2033 text_font=\"|600|||||||\" text_font_size=\"25px\" text_line_height=\"1.5em\"]<\/p>\n<p><b>Vicky<\/b><\/p>\n<p>[\/et_pb_text][et_pb_text _builder_version=\"4.27.0\u2033 _module_preset=\"default\" text_text_color=\"#FFFFFFFF\" ul_font=\"|300|||||||\" ul_text_color=\"#FFFFFFFF\" header_3_font=\"|600|||||||\" header_3_text_color=\"#FFFFFFFF\" header_3_font_size=\"25px\" custom_margin=\"||||65px|false|false\" custom_margin_tablet=\"|||65px|false|false\" custom_margin_phone=\"|||0px|false|false|false\" custom_margin_last_edited=\"on|phone\" custom_padding=\"|50px||55px|false|false|false|false\" custom_padding_tablet=\"|50px||55px|false|false|false\" custom_padding_phone=\"40px||35px|35px|35px|false|false|false\" custom_padding_last_edited=\"on|phone\" hover_enabled=\"0\u2033 global_colors_info=\"{}\" sticky_enabled=\"0\u2033]<\/p>\n<p><span style=\"font-weight: 400;\">Plus de 12 ans d'exp\u00e9rience dans l'enseignement des vagues et des valeurs de ce sport.<\/span><\/p>\n<ul>\n<li style=\"font-weight: 400;\" aria-level=\"1\"><span style=\"font-weight: 400;\">Qualification d'entra\u00eeneur officiel de surf de niveau 1<\/span><\/li>\n<li style=\"font-weight: 400;\" aria-level=\"1\"><span style=\"font-weight: 400;\">Parle espagnol, italien (langue maternelle) et anglais.<\/span><\/li>\n<\/ul>\n<p>[\/et_pb_text][\/et_pb_column][et_pb_column type=\"1_2\u2033 _builder_version=\"4.25.1\u2033 _module_preset=\"default\" global_colors_info=\"{}\"][et_pb_image src=\"https:\/\/www.kontraolasurftenerife.com\/wp-content\/uploads\/2024\/06\/vicky-expertos.jpg\" title_text=\"vicky-experts\" force_fullwidth=\"on\" _builder_version=\"4.25.1\u2033 _module_preset=\"default\" global_colors_info=\"{}\"][\/et_pb_image][\/et_pb_column][\/et_pb_row][\/et_pb_section][et_pb_section fb_built=\"1\u2033 _builder_version=\"4.25.1\u2033 _module_preset=\"default\" bottom_divider_style=\"wave\" bottom_divider_color=\"#faf7f2\u2033 bottom_divider_height=\"500px\" global_colors_info=\"{}\"][et_pb_row _builder_version=\"4.18.0\u2033 _module_preset=\"default\" animation_style=\"fade\" global_colors_info=\"{}\"][et_pb_column type=\"4_4\u2033 _builder_version=\"4.18.0\u2033 _module_preset=\"default\" global_colors_info=\"{}\"][et_pb_image src=\"https:\/\/www.kontraolasurftenerife.com\/wp-content\/uploads\/2024\/06\/miscelanea-doble-ola.png\" title_text=\"divers-double-wave\" align=\"center\" _builder_version=\"4.18.0\u2033 _module_preset=\"default\" custom_margin=\"|||25px|||\" global_colors_info=\"{}\"][\/et_pb_image][\/et_pb_image][et_pb_text _builder_version=\"4.27.0\u2033 _module_preset=\"default\" text_font=\"|800|||||||\" header_2_font=\"|800|||||||\" header_2_text_color=\"#1e1e1e\" header_2_font_size=\"38px\" header_2_line_height=\"1.2em\" text_orientation=\"center\" custom_margin=\"|||15px||||\" hover_enabled=\"0\u2033 header_2_font_size_tablet=\"38px\" header_2_font_size_phone=\"28px\" header_2_font_size_last_edited=\"on|phone\" global_colors_info=\"{}\" sticky_enabled=\"0\u2033 text_font_size=\"38px\" text_text_color=\"#000000\u2033 text_line_height=\"1.2em\"]<\/p>\n<p>Location<\/p>\n<p>[\/et_pb_text][\/et_pb_column][\/et_pb_row][et_pb_row column_structure=\"1_5,1_5,1_5,1_5,1_5,1_5\u2033 use_custom_gutter=\"on\" gutter_width=\"2\u2033 make_equal=\"on\" _builder_version=\"4.25.1\u2033 _module_preset=\"default\" global_colors_info=\"{}\"][et_pb_column type=\"1_5\u2033 _builder_version=\"4.25.1\u2033 _module_preset=\"default\" background_color=\"#FFFFFF\" transform_translate_linked__hover=\"off\" custom_padding=\"30px|||30px||true|false\" animation_style=\"slide\" animation_direction=\"bottom\" border_radii=\"on|20px|20px|20px|20px|20px|20px\" box_shadow_style=\"preset1\u2033 box_shadow_color=\"rgba(0,0,0,0,0.1)\" global_colors_info=\"{}\" transform_styles__hover_enabled=\"on|hover\" transform_scale__hover_enabled=\"on|desktop\" transform_translate__hover_enabled=\"on|hover\" transform_rotate__hover_enabled=\"on|desktop\" transform_skew__hover_enabled=\"on|desktop\" transform_origin__hover_enabled=\"on|desktop\" transform_translate__hover=\"0px|-10px\"][et_pb_image src=\"https :\/\/www.kontraolasurftenerife.com\/wp-content\/uploads\/2024\/06\/tabla-de-surf.png\" title_text=\"planche de surf\" align=\"centre\" _builder_version=\"4.25.1\u2033 _module_preset=\"default\" width=\"40%\" module_alignment=\"center\" custom_margin=\"|||20px||\" global_colors_info=\"{}\"][\/et_pb_image][\/et_pb_text _builder_version=\"4.27.0\u2033 _module_preset=\"default\" text_line_height=\"1.8em\" header_4_font=\"|700|||||||\" header_4_text_align=\"center\" header_4_line_height=\"2em\" text_orientation=\"center\" global_colors_info=\"{}\"]]]<\/p>\n<p><span style=\"color: #000000;\"><strong>Planche de surf<\/strong><\/span><\/p>\n<p>2 heures\u00a0 \u00a0<strong>10\u20ac<\/strong><br \/>8 heures -\u00a0 \u00a0<strong>15\u20ac<\/strong><br \/>1 jour -\u00a0 <strong>15\u20ac<\/strong><br \/>7 jours -\u00a0 <strong>84\u20ac<\/strong><\/p>\n<p>[\/et_pb_text][\/et_pb_column][et_pb_column type=\"1_5\u2033 _builder_version=\"4.25.1\u2033 _module_preset=\"default\" background_color=\"#FFFFFF\" custom_padding=\"30px|||30px||true|false\" animation_style=\"slide\" animation_direction=\"bottom\" animation_delay=\"100ms\" border_radii=\"on|20px|20px|20px|20px|20px|20px|20px\" box_shadow_style=\"preset1\u2033 box_shadow_color=\"rgba(0,0,0,0,0,0.1)\" global_colors_info=\"{}\" transform_styles__hover_enabled=\"on|hover\" transform_scale__hover_enabled=\"on|desktop\" transform_translate__hover=\"0px|-10px\" transform_translate__hover_enabled=\"on|hover\" transform_rotate__hover_enabled=\"on|desktop\" transform_skew__hover_enabled=\"on|desktop\" transform_origin__hover_enabled=\"on|desktop\"][et_pb_image src=\"https :\/\/www.kontraolasurftenerife.com\/wp-content\/uploads\/2024\/06\/standup-paddle.png\" title_text=\"standup-paddle\" align=\"center\" _builder_version=\"4.25.1\u2033 _module_preset=\"default\" width=\"40%\" module_alignment=\"center\" custom_margin=\"|||20px||\" global_colors_info=\"{}\"][\/et_pb_image][\/et_pb_text _builder_version=\"4.27.0\u2033 _module_preset=\"default\" text_line_height=\"1.8em\" header_4_font=\"|700|||||||\" header_4_text_align=\"center\" header_4_line_height=\"2em\" text_orientation=\"center\" global_colors_info=\"{}\"]]]<\/p>\n<p><span style=\"color: #000000;\"><strong>Standup Paddle<\/strong><\/span><\/p>\n<p>8 heures -\u00a0 \u00a0<strong>15\u20ac<\/strong><br \/>1 jour -\u00a0 <strong>20\u20ac<\/strong><\/p>\n<p>[\/et_pb_text][\/et_pb_column][et_pb_column type=\"1_5\u2033 _builder_version=\"4.25.1\u2033 _module_preset=\"default\" background_color=\"#FFFFFF\" custom_padding=\"30px|||30px||true|false\" animation_style=\"slide\" animation_direction=\"bottom\" animation_delay=\"200ms\" border_radii=\"on|20px|20px|20px|20px|20px|20px|20px\" box_shadow_style=\"preset1\u2033 box_shadow_color=\"rgba(0,0,0,0,0,0.1)\" global_colors_info=\"{}\" transform_styles__hover_enabled=\"on|hover\" transform_scale__hover_enabled=\"on|desktop\" transform_translate__hover=\"0px|-10px\" transform_translate__hover_enabled=\"on|hover\" transform_rotate__hover_enabled=\"on|desktop\" transform_skew__hover_enabled=\"on|desktop\" transform_origin__hover_enabled=\"on|desktop\"][et_pb_image src=\"https :\/\/www.kontraolasurftenerife.com\/wp-content\/uploads\/2024\/06\/bodyboard-aletas.png\" title_text=\"bodyboard-aletas\" align=\"center\" _builder_version=\"4.25.1\u2033 _module_preset=\"default\" width=\"45%\" module_alignment=\"center\" custom_margin=\"|||20px||\" global_colors_info=\"{}\"][\/et_pb_image][\/et_pb_text _builder_version=\"4.27.0\u2033 _module_preset=\"default\" text_line_height=\"1.8em\" header_4_font=\"|700|||||||\" header_4_text_align=\"center\" header_4_line_height=\"2em\" text_orientation=\"center\" global_colors_info=\"{}\"]]]<\/p>\n<p><span style=\"color: #000000;\"><strong>Bodyboard + palmes<\/strong><\/span><\/p>\n<p>2 heures\u00a0 \u00a0<strong>10\u20ac<\/strong><br \/>8 heures -\u00a0 \u00a0<strong>12\u20ac<\/strong><br \/>1 jour -\u00a0 <strong>15\u20ac<\/strong><\/p>\n<p>[\/et_pb_text][\/et_pb_column][et_pb_column type=\"1_5\u2033 _builder_version=\"4.25.1\u2033 _module_preset=\"default\" background_color=\"#FFFFFF\" custom_padding=\"30px|||30px||true|false\" animation_style=\"slide\" animation_direction=\"bottom\" animation_delay=\"300ms\" border_radii=\"on|20px|20px|20px|20px|20px|20px|20px\" box_shadow_style=\"preset1\u2033 box_shadow_color=\"rgba(0,0,0,0,0,0.1)\" global_colors_info=\"{}\" transform_styles__hover_enabled=\"on|hover\" transform_scale__hover_enabled=\"on|desktop\" transform_translate__hover=\"0px|-10px\" transform_translate__hover_enabled=\"on|hover\" transform_rotate__hover_enabled=\"on|desktop\" transform_skew__hover_enabled=\"on|desktop\" transform_origin__hover_enabled=\"on|desktop\"][et_pb_image src=\"https :\/\/www.kontraolasurftenerife.com\/wp-content\/uploads\/2024\/06\/traje-neopreno.png\" title_text=\"traje-neopreno\" align=\"center\" _builder_version=\"4.25.1\u2033 _module_preset=\"default\" width=\"40%\" module_alignment=\"center\" custom_margin=\"|||20px||\" global_colors_info=\"{}\"][\/et_pb_image][\/et_pb_text _builder_version=\"4.27.0\u2033 _module_preset=\"default\" text_line_height=\"1.8em\" header_4_font=\"|700|||||||\" header_4_text_align=\"center\" header_4_line_height=\"2em\" text_orientation=\"center\" global_colors_info=\"{}\"]]]<\/p>\n<p><span style=\"color: #000000;\"><strong>N\u00e9opr\u00e8ne<\/strong><\/span><\/p>\n<p>1 jour -\u00a0 <strong>5\u20ac<\/strong><\/p>\n<p>[\/et_pb_text][\/et_pb_column][et_pb_column type=\"1_5\u2033 _builder_version=\"4.25.1\u2033 _module_preset=\"default\" background_color=\"#FFFFFF\" custom_padding=\"30px|||30px||true|false\" animation_style=\"slide\" animation_direction=\"bottom\" animation_delay=\"300ms\" border_radii=\"on|20px|20px|20px|20px|20px|20px|20px\" box_shadow_style=\"preset1\u2033 box_shadow_color=\"rgba(0,0,0,0,0,0.1)\" global_colors_info=\"{}\" transform_styles__hover_enabled=\"on|hover\" transform_scale__hover_enabled=\"on|desktop\" transform_translate__hover=\"0px|-10px\" transform_translate__hover_enabled=\"on|hover\" transform_rotate__hover_enabled=\"on|desktop\" transform_skew__hover_enabled=\"on|desktop\" transform_origin__hover_enabled=\"on|desktop\"][et_pb_image src=\"https :\/\/www.kontraolasurftenerife.com\/wp-content\/uploads\/2024\/07\/icon-escarpines.png\" title_text=\"icon-escarpines\" align=\"center\" _builder_version=\"4.25.1\u2033 _module_preset=\"default\" width=\"40%\" module_alignment=\"center\" custom_margin=\"|||25px||false|false\" global_colors_info=\"{}\"][\/et_pb_image][\/et_pb_image][et_pb_text _builder_version=\"4.27.0\u2033 _module_preset=\"default\" text_line_height=\"1.8em\" header_4_font=\"|700|||||||\" header_4_text_align=\"center\" header_4_line_height=\"2em\" text_orientation=\"center\" global_colors_info=\"{}\"]]]<\/p>\n<p><span style=\"color: #000000;\"><strong>Bottines<\/strong><\/span><\/p>\n<p>1 jour -\u00a0 <strong>3\u20ac<\/strong><\/p>\n<p>[\/et_pb_text][\/et_pb_column][\/et_pb_row][\/et_pb_section][et_pb_section fb_built=\"1\u2033 _builder_version=\"4.25.1\u2033 _module_preset=\"default\" background_enable_color=\"off\" use_background_color_gradient=\"on\" background_color_gradient_stops=\"#faf7f2 50%|#ffffffffff 50%\" custom_padding=\"|||62px||false|false\" bottom_divider_color=\"#faf7f2\u2033 bottom_divider_height=\"500px\" global_colors_info=\"{}\"][et_pb_row _builder_version=\"4.18.0\u2033 _module_preset=\"default\" custom_padding=\"|||37px||\" animation_style=\"fade\" global_colors_info=\"{}\"][et_pb_column type=\"4_4\u2033 _builder_version=\"4.18.0\u2033 _module_preset=\"default\" global_colors_info=\"{}\"][et_pb_image src=\"https:\/\/www.kontraolasurftenerife.com\/wp-content\/uploads\/2024\/06\/miscellaneous-double-ola.png\" title_text=\"miscellaneous-double-ola\" align=\"center\" _builder_version=\"4.18.0\u2033 _module_preset=\"default\" custom_margin=\"|||25px||\" global_colors_info=\"{}\"][\/et_pb_image][\/et_pb_image][et_pb_text _builder_version=\"4.27.0\u2033 _module_preset=\"default\" text_font=\"|800|||||||\" header_2_font=\"|800|||||||\" header_2_text_color=\"#1e1e1e\" header_2_font_size=\"38px\" header_2_line_height=\"1.2em\" text_orientation=\"center\" custom_margin=\"|||15px||\" hover_enabled=\"0\u2033 header_2_font_size_tablet=\"38px\" header_2_font_size_phone=\"28px\" header_2_font_size_last_edited=\"on|phone\" global_colors_info=\"{}\" text_font_size=\"38px\" text_line_height=\"1.2em\" sticky_enabled=\"0\u2033 text_text_color=\"#000000\u2033]<\/p>\n<p>Pr\u00eat \u00e0 profiter de l'oc\u00e9an ?<\/p>\n<p>[\/et_pb_text][et_pb_text _builder_version=\"4.25.1\u2033 _module_preset=\"default\" text_orientation=\"centre\" global_colors_info=\"{}\"]<\/p>\n<p>Nous ferons en sorte que vous commenciez votre exp\u00e9rience de surf en toute confiance.<\/p>\n<p>[\/et_pb_text][\/et_pb_column][\/et_pb_row][et_pb_row column_structure=\"3_5,2_5\u2033 make_equal=\"on\" _builder_version=\"4.25.1\u2033 _module_preset=\"default\" background_enable_color=\"off\" global_colors_info=\"{}\"][et_pb_column type=\"3_5\u2033 _builder_version=\"4.25.1\u2033 _module_preset=\"default\" global_colors_info=\"{}\"][et_pb_code _builder_version=\"4.25.1\u2033 _module_preset=\"default\" global_colors_info=\"{}\"]<script src=\"https:\/\/fareharbor.com\/embeds\/script\/calendar-small\/kontraolasurftenerife\/?fallback=simple&language=es\"><\/script>[\/et_pb_code][\/et_pb_column][et_pb_column type=\"2_5\u2033 _builder_version=\"4.25.1\u2033 _module_preset=\"default\" global_colors_info=\"{}\"][et_pb_code _builder_version=\"4.25.1\u2033 _module_preset=\"default\" global_colors_info=\"{}\"]]<iframe id=\"wf-forecast-playa_de_las_americas\" src=\"https:\/\/www.windfinder.com\/widget\/forecast\/playa_de_las_americas?days=4&#038;columns=2&#038;unit_wind=kmh&#038;unit_temperature=c&#038;unit_wave=m&#038;unit_rain=mm&#038;unit_pressure=hPa&#038;label_wind=km\/h&#038;show_wind=1&#038;show_temperature=1&#038;show_waves=1&#038;show_rain=1&#038;show_clouds=1&#038;show_pressure=1&#038;show_day=1&#038;version=1&#038;domain=kontraolasurftenerife.com\" scrolling=\"no\" marginwidth=\"0\" marginheight=\"0\" frameborder=\"0\" style=\"width: 1px; min-width: 100%; vertical-align: bottom;\" height=\"473\"><\/iframe>[\/et_pb_code][\/et_pb_column][\/et_pb_row][\/et_pb_section][et_pb_section fb_built=\"1\u2033 _builder_version=\"4.25.1\u2033 _module_preset=\"default\" background_image=\"https:\/\/www.kontraolasurftenerife.com\/wp-content\/uploads\/2024\/06\/Rectangle-32.jpg\" custom_padding=\"80px||80px||true|false\" bottom_divider_color=\"#faf7f2\u2033 bottom_divider_height=\"500px\" global_colors_info=\"{}\"][et_pb_row _builder_version=\"4.18.0\u2033 _module_preset=\"default\" animation_style=\"fade\" global_colors_info=\"{}\"][et_pb_column type=\"4_4\u2033 _builder_version=\"4.18.0\u2033 _module_preset=\"default\" global_colors_info=\"{}\"][et_pb_image src=\"https:\/\/www.kontraolasurftenerife.com\/wp-content\/uploads\/2024\/06\/Group-35987.png\" title_text=\"Groupe 35987\u2033 align=\"center\" _builder_version=\"4.25.1\u2033 _module_preset=\"default\" custom_margin=\"|||25px||\" global_colors_info=\"{}\"][\/et_pb_image][\/et_pb_image][et_pb_text _builder_version=\"4.27.0\u2033 _module_preset=\"default\" text_font=\"|800|||||||\" header_2_font=\"|800|||||||\" header_2_text_color=\"#FFFFFFFFFF\" header_2_font_size=\"38px\" header_2_line_height=\"1.2em\" text_orientation=\"center\" custom_margin=\"|||15px||\" header_2_font_size_tablet=\"38px\" header_2_font_size_phone=\"28px\" header_2_font_size_last_edited=\"on|phone\" global_colors_info=\"{}\"]]<\/p>\n<h2><b>Apprendre le surf \u00e0 Tenerife<\/b><\/h2>\n<p>[\/et_pb_text][et_pb_text _builder_version=\u00bb4.27.0&#8243; _module_preset=\u00bbdefault\u00bb text_text_color=\u00bb#FFFFFF\u00bb text_line_height=\u00bb1.8em\u00bb link_text_color=\u00bbgcid-heading-color\u00bb text_orientation=\u00bbcenter\u00bb width_tablet=\u00bb65%\u00bb width_phone=\u00bb100%\u00bb width_last_edited=\u00bbon|phone\u00bb module_alignment=\u00bbcenter\u00bb custom_margin=\u00bb||35px|||\u00bb global_colors_info=\u00bb{%22gcid-heading-color%22:%91%22link_text_color%22%93}\u00bb]<\/p>\n<p><span style=\"font-weight: 400;\">Notre <\/span><b>\u00e9cole de surf<\/b><span style=\"font-weight: 400;\"> est situ\u00e9 dans la municipalit\u00e9 de <\/span><a href=\"https:\/\/arona.travel\/es-es\/\"><span style=\"font-weight: 400;\">Arona<\/span><\/a><span style=\"font-weight: 400;\">une zone embl\u00e9matique sur la sc\u00e8ne du surf de l'Europe. <\/span><b>Tenerife<\/b><span style=\"font-weight: 400;\">. Les <\/span><b>Playa de las Am\u00e9ricas<\/b><span style=\"font-weight: 400;\"> est connue pour ses incroyables spots de surf, offrant des vagues parfaites pour tous les niveaux. Avec un acc\u00e8s facile \u00e0 des plages embl\u00e9matiques, vous \u00eates assur\u00e9 de vivre une exp\u00e9rience de surf in\u00e9gal\u00e9e.<\/span><\/p>\n<p>[\/et_pb_text][et_pb_button button_url=\u00bbhttps:\/\/www.kontraolasurftenerife.com\/blog\/\u00bb url_new_window=\u00bbon\u00bb button_text=\u00bbLeer m\u00e1s\u00bb button_alignment=\u00bbcenter\u00bb _builder_version=\u00bb4.27.0&#8243; _module_preset=\u00bbdefault\u00bb custom_button=\u00bbon\u00bb button_text_size=\u00bb16px\u00bb button_text_color=\u00bbgcid-0d801b7f-cc38-4b14-95d5-6671dcc700bc\u00bb button_bg_color=\u00bb#FFFFFF\u00bb button_border_width=\u00bb0px\u00bb button_border_radius=\u00bb55px\u00bb custom_margin=\u00bb0px||||false|false\u00bb custom_padding=\u00bb10px|34px|10px|34px|true|true\u00bb global_colors_info=\u00bb{%22gcid-0d801b7f-cc38-4b14-95d5-6671dcc700bc%22:%91%22button_text_color%22%93}\u00bb][\/et_pb_button][\/et_pb_column][\/et_pb_row][\/et_pb_section][et_pb_section fb_built=\u00bb1&#8243; fullwidth=\u00bbon\u00bb _builder_version=\u00bb4.27.0&#8243; _module_preset=\u00bbdefault\u00bb max_height=\u00bb455px\u00bb global_colors_info=\u00bb{}\u00bb][et_pb_fullwidth_code _builder_version=\u00bb4.27.0&#8243; _module_preset=\u00bbdefault\u00bb global_colors_info=\u00bb{}\u00bb]<iframe src=\"https:\/\/www.google.com\/maps\/embed?pb=!1m18!1m12!1m3!1d3520.796426057818!2d-16.73621082399879!3d28.06123980979324!2m3!1f0!2f0!3f0!3m2!1i1024!2i768!4f13.1!3m3!1m2!1s0xc6a977aafe559fd%3A0x1b8226b8274e6d9a!2sKontraola%20-%20Tenerife%20Surf%20School%20powered%20by%20Quiksilver%20and%20Roxy!5e0!3m2!1ses!2ses!4v1722590348627!5m2!1ses!2ses\" width=\"100%\" height=\"450px\" style=\"border:0;\" allowfullscreen=\"\" loading=\"lazy\" referrerpolicy=\"no-referrer-when-downgrade\"><\/iframe>[\/et_pb_fullwidth_code][\/et_pb_section][et_pb_section fb_built=\"1\u2033 custom_padding_last_edited=\"on|phone\" _builder_version=\"4.25.1\u2033 _module_preset=\"default\" custom_padding_tablet=\"\" custom_padding_phone=\"30px||||false|false\" bottom_divider_style=\"wave\" bottom_divider_color=\"#faf7f2\u2033 bottom_divider_height=\"500px\" locked=\"off\" global_colors_info=\"{}\"][et_pb_row _builder_version=\"4.18.0\u2033 _module_preset=\"default\" animation_style=\"fade\" global_colors_info=\"{}\"][et_pb_column type=\"4_4\u2033 _builder_version=\"4.18.0\u2033 _module_preset=\"default\" global_colors_info=\"{}\"][et_pb_image src=\"https:\/\/www.kontraolasurftenerife.com\/wp-content\/uploads\/2024\/06\/miscelanea-doble-ola.png\" title_text=\"divers-double-wave\" align=\"center\" _builder_version=\"4.27.0\u2033 _module_preset=\"default\" custom_margin=\"|||25px||\" global_colors_info=\"{}\"][\/et_pb_image][\/et_pb_image][et_pb_text _builder_version=\"4.27.0\u2033 _module_preset=\"default\" text_font=\"|800|||||||\" header_2_font=\"|800|||||||\" header_2_text_color=\"#1e1e1e\" header_2_font_size=\"38px\" header_2_line_height=\"1.2em\" text_orientation=\"center\" custom_margin=\"|||15px||||\" hover_enabled=\"0\u2033 header_2_font_size_tablet=\"38px\" header_2_font_size_phone=\"28px\" header_2_font_size_last_edited=\"on|phone\" global_colors_info=\"{}\" text_font_size=\"38px\" text_text_color=\"#000000\u2033 text_line_height=\"1.5em\" sticky_enabled=\"0\u2033]<\/p>\n<p>Questions fr\u00e9quemment pos\u00e9es<\/p>\n<p>[\/et_pb_text][et_pb_accordion _builder_version=\u00bb4.27.0&#8243; _module_preset=\u00bbdefault\u00bb toggle_level=\u00bbh3&#8243; body_link_text_color=\u00bbgcid-0d801b7f-cc38-4b14-95d5-6671dcc700bc\u00bb global_colors_info=\u00bb{%22gcid-0d801b7f-cc38-4b14-95d5-6671dcc700bc%22:%91%22body_link_text_color%22%93}\u00bb][et_pb_accordion_item title=\u00bb\u00bfQu\u00e9 niveles de habilidad aceptan en sus clases de surf?\u00bb open=\u00bbon\u00bb _builder_version=\u00bb4.27.0&#8243; _module_preset=\u00bbdefault\u00bb global_colors_info=\u00bb{}\u00bb]<\/p>\n<p><span style=\"font-weight: 400;\">Au <\/span><b>Kontraola<\/b><span style=\"font-weight: 400;\"> nous acceptons<\/span><b> tous les niveaux<\/b><span style=\"font-weight: 400;\">Des d\u00e9butants qui n'ont jamais touch\u00e9 une planche de surf aux surfeurs confirm\u00e9s qui cherchent \u00e0 perfectionner leur technique. Nos instructeurs adaptent les cours aux besoins individuels de chaque \u00e9l\u00e8ve, garantissant une exp\u00e9rience qui transmet les valeurs de ce sport d'une mani\u00e8re \u00e9ducative et amusante pour tous.<\/span><\/p>\n<p>[\/et_pb_accordion_item][et_pb_accordion_item title=\"Que comprend une classe de surf ?\" _builder_version=\"4.27.0\u2033 _module_preset=\"default\" global_colors_info=\"{}\" open=\"off\"]<\/p>\n<p><span style=\"font-weight: 400;\">Notre <\/span><b>le\u00e7ons de surf <\/b><span style=\"font-weight: 400;\">comprennent la supervision d'un <\/span><b>moniteur<\/b><span style=\"font-weight: 400;\">a <\/span><b>planche de surf<\/b><span style=\"font-weight: 400;\"> adapt\u00e9 \u00e0 votre niveau, un <\/span><b>combinaison de plong\u00e9e<\/b><span style=\"font-weight: 400;\">, y <\/span><b>chaussons<\/b><span style=\"font-weight: 400;\">. Nous fournissons \u00e9galement un <\/span><b>lycra<\/b><span style=\"font-weight: 400;\"> afin d'\u00eatre facilement reconnu dans l'eau par le moniteur et le photographe. Sans oublier les <\/span><b>assurance accident<\/b><span style=\"font-weight: 400;\"> ce qui est inclus pour votre tranquillit\u00e9 d'esprit.<\/span><\/p>\n<p><span style=\"font-weight: 400;\">En outre, dans notre <\/span><b>\u00e9cole de surf<\/b><span style=\"font-weight: 400;\"> les clients re\u00e7oivent <\/span><b>casiers<\/b><span style=\"font-weight: 400;\"> pour stocker leurs biens, ils ont \u00e0 leur disposition <\/span><b>toilettes<\/b><span style=\"font-weight: 400;\"> y <\/span><b>douches<\/b><span style=\"font-weight: 400;\"> avec gel et shampoing pour apr\u00e8s le surf. Notre emplacement, juste en face de la Playa de Las Am\u00e9ricas, permet un acc\u00e8s rapide \u00e0 n'importe quelle plage. <\/span><b>\u00e9quipement suppl\u00e9mentaire<\/b><span style=\"font-weight: 400;\"> vous avez besoin.<\/span><\/p>\n<p>[\/et_pb_accordion_item][et_pb_accordion_item title=\"Combien de temps durent les cours de surf ?\" _builder_version=\"4.27.0\u2033 _module_preset=\"default\" global_colors_info=\"{}\" open=\"off\"]<\/p>\n<p><span style=\"font-weight: 400;\">Tous nos cours collectifs et priv\u00e9s sont assortis d'une <\/span><b>dur\u00e9e de 2 heures<\/b><span style=\"font-weight: 400;\">. Nous commen\u00e7ons par <\/span><b>30 minutes de th\u00e9orie et d'\u00e9chauffement<\/b><span style=\"font-weight: 400;\"> hors de l'eau, suivi par <\/span><b>1 heure et 30 minutes de pratique<\/b><span style=\"font-weight: 400;\"> en mer. Cette structure permet aux \u00e9tudiants d'acqu\u00e9rir une connaissance approfondie et pratique du surf.<\/span><\/p>\n<p>[\/et_pb_accordion_item][et_pb_accordion_item title=\"O\u00f9 se trouve l'\u00e9cole de surf ?\" _builder_version=\"4.27.0\u2033 _module_preset=\"default\" global_colors_info=\"{}\" open=\"off\"]<\/p>\n<p><span style=\"font-weight: 400;\">L'\u00e9cole de surf Kontraola \u00e0 T\u00e9n\u00e9rife est situ\u00e9e sur la c\u00f4te ouest de l'\u00eele de T\u00e9n\u00e9rife. <\/span><b>Playa de las Am\u00e9ricas<\/b><span style=\"font-weight: 400;\">dans la commune de <\/span><b>Arona<\/b><span style=\"font-weight: 400;\">. Cet endroit est id\u00e9al pour les surfeurs de tous niveaux, avec des vagues r\u00e9guli\u00e8res tout au long de l'ann\u00e9e. <\/span><b>En hiver, les vagues sont plus grandes et plus puissantes.<\/b><span style=\"font-weight: 400;\">parfait pour les surfeurs interm\u00e9diaires et avanc\u00e9s. <\/span><b>En \u00e9t\u00e9, les vagues sont plus douces<\/b><span style=\"font-weight: 400;\">id\u00e9al pour les d\u00e9butants. Vous b\u00e9n\u00e9ficierez d'un climat agr\u00e9able avec peu de vent, offrant des conditions optimales pour la pratique du surf. Sur notre site web, vous pouvez toujours consulter les <\/span><b>pr\u00e9visions des vagues, du vent et de la m\u00e9t\u00e9o<\/b><span style=\"font-weight: 400;\"> selon <\/span><a href=\"https:\/\/es.windfinder.com\/#3\/49.5042\/9.5421\/spot\"><span style=\"font-weight: 400;\">Le chasseur de vent<\/span><\/a><span style=\"font-weight: 400;\"> pour planifier votre session de surf dans les meilleures conditions possibles.<\/span><\/p>\n<p>[\/et_pb_accordion_item][et_pb_accordion_item title=\"Proposez-vous des cours de surf adapt\u00e9s ?\" _builder_version=\"4.27.0\u2033 _module_preset=\"default\" global_colors_info=\"{}\" open=\"off\"]<\/p>\n<p><span style=\"font-weight: 400;\">Nous avons <\/span><b>des instructeurs sp\u00e9cialis\u00e9s et qualifi\u00e9s<\/b><span style=\"font-weight: 400;\">comme <\/span><b>Felix Trujillo<\/b><span style=\"font-weight: 400;\">qui a plus de 20 ans d'exp\u00e9rience et qui est <\/span><b>certificat pour l'enseignement de cours de surf adapt\u00e9s<\/b><span style=\"font-weight: 400;\">. Nous nous effor\u00e7ons d'offrir une exp\u00e9rience inclusive et personnalis\u00e9e, en adaptant nos techniques et notre \u00e9quipement pour r\u00e9pondre aux besoins individuels de chaque \u00e9l\u00e8ve.<\/span><\/p>\n<p>[\/et_pb_accordion_item][et_pb_accordion_item title=\"Que dois-je apporter \u00e0 la le\u00e7on de surf ?\" _builder_version=\"4.27.0\u2033 _module_preset=\"default\" global_colors_info=\"{}\" open=\"off\"]<\/p>\n<p><span style=\"font-weight: 400;\">N'oubliez pas de venir avec<\/span><b> maillot de bain<\/b><span style=\"font-weight: 400;\"> o <\/span><b>bikini<\/b><span style=\"font-weight: 400;\">ainsi qu'un <\/span><b>serviette<\/b><span style=\"font-weight: 400;\"> pour vous s\u00e9cher apr\u00e8s les cours ou si vous souhaitez prendre une douche dans nos installations. Nous vous recommandons toujours d'apporter <\/span><b>b\u00e2ton de protection solaire<\/b><span style=\"font-weight: 400;\"> pour prot\u00e9ger votre visage et votre peau du soleil. Et surtout, venez avec l'envie d'apprendre et de vous amuser !<\/span><\/p>\n<p>[\/et_pb_accordion_item][et_pb_accordion_item title=\"Le surf est-il sans danger pour les enfants ? _builder_version=\"4.27.0\u2033 _module_preset=\"default\" global_colors_info=\"{}\" open=\"off\"]<\/p>\n<p><span style=\"font-weight: 400;\">Oui, surf <\/span><b>est sans danger pour les enfants<\/b><span style=\"font-weight: 400;\"> \u00e0 Kontraola. Notre <\/span><b>le\u00e7ons de surf<\/b><span style=\"font-weight: 400;\"> sont con\u00e7us pour \u00eatre s\u00fbrs et amusants pour les enfants. Toutefois, afin de garantir une s\u00e9curit\u00e9 maximale, les <\/span><b>les enfants de moins de 13 ans<\/b><span style=\"font-weight: 400;\"> ne peuvent pas participer \u00e0 des cours collectifs avec des adultes. Ces enfants doivent <\/span><b>s'inscrire \u00e0 des cours particuliers<\/b><span style=\"font-weight: 400;\"> o <\/span><b>semi-priv\u00e9<\/b><span style=\"font-weight: 400;\">o\u00f9 ils peuvent \u00eatre <\/span><b>accompagn\u00e9 d'un membre adulte de la famille<\/b><span style=\"font-weight: 400;\"> si vous le souhaitez. Nos instructeurs ont une grande exp\u00e9rience du travail avec les enfants et nous disposons d'un \u00e9quipement sp\u00e9cifique pour garantir une exp\u00e9rience optimale.<\/span><\/p>\n<p>[\/et_pb_accordion_item][et_pb_accordion_item title=\"Combien d'\u00e9tudiants par instructeur dans les cours en groupe ?\" _builder_version=\"4.27.0\u2033 _module_preset=\"default\" global_colors_info=\"{}\" open=\"off\"]<\/p>\n<p><span style=\"font-weight: 400;\">Dans notre <\/span><b>cours collectifs<\/b><span style=\"font-weight: 400;\">nous maintenons une <\/span><b>maximum de 6 adultes<\/b><span style=\"font-weight: 400;\"> par moniteur afin de garantir une meilleure attention et un meilleur enseignement. Bien que la F\u00e9d\u00e9ration espagnole de surf autorise un maximum de 8 \u00e9l\u00e8ves par moniteur, \u00e0 Kontraola nous donnons la priorit\u00e9 \u00e0 la qualit\u00e9 du service. Par cons\u00e9quent, si le groupe d\u00e9passe 6 personnes, nous affectons un deuxi\u00e8me moniteur afin que chaque \u00e9l\u00e8ve re\u00e7oive l'attention n\u00e9cessaire et b\u00e9n\u00e9ficie de la meilleure exp\u00e9rience d'apprentissage.<\/span><\/p>\n<p>[\/et_pb_accordion_item][et_pb_accordion_item title=\"Proposez-vous un service de navette ?\" _builder_version=\"4.27.0\u2033 _module_preset=\"default\" global_colors_info=\"{}\" open=\"off\"]<\/p>\n<p><span style=\"font-weight: 400;\">L'emplacement et la proximit\u00e9 de notre \u00e9cole de surf par rapport \u00e0 la plage et au port de plaisance. <\/span><b>Playa de las Am\u00e9ricas<\/b><span style=\"font-weight: 400;\"> rend inutile l'offre de services de transport, ce qui facilite l'acc\u00e8s \u00e0 nos clients et leur permet de profiter d'une exp\u00e9rience plus confortable et plus agr\u00e9able.<\/span><\/p>\n<p>[\/et_pb_accordion_item][et_pb_accordion_item title=\"Offrez-vous un service photo ?\" _builder_version=\"4.27.0\u2033 _module_preset=\"default\" global_colors_info=\"{}\" open=\"off\"]<\/p>\n<p><span style=\"font-weight: 400;\">Oui, \u00e0 Kontraola <\/span><b>nous offrons un service de photographie<\/b><span style=\"font-weight: 400;\"> pendant les cours de surf pour immortaliser vos meilleurs moments dans l'eau. Cependant, ce service n'est pas inclus dans le prix de la le\u00e7on. Apr\u00e8s la session, <\/span><b>vous pouvez voir les photos<\/b> <b>y<\/b> <b>d\u00e9cider si vous voulez les acheter<\/b><span style=\"font-weight: 400;\">. Vous trouverez des exemples de ces photos dans la rubrique <\/span><a href=\"https:\/\/www.kontraolasurftenerife.com\/fr\/galerie\/\"><span style=\"font-weight: 400;\">galerie<\/span><\/a><span style=\"font-weight: 400;\"> de notre site web, o\u00f9 nous montrons quelques-unes des meilleures prises de vue de nos \u00e9l\u00e8ves en train de profiter des vagues.<\/span><\/p>\n<p>[\/et_pb_accordion_item][\/et_pb_accordion_item][et_pb_code _builder_version=\"4.27.0\u2033 _module_preset=\"default\" global_colors_info=\"{}\"]<script type=\"application\/ld+json\">{\n    \"@context\": \"https:\\\/\\\/schema.org\",\n    \"@type\": \"FAQPage\",\n    \"mainEntity\": [\n        {\n            \"@type\": \"Question\",\n            \"name\": \"\\u00bfQu\\u00e9 niveles de habilidad aceptan en sus clases de surf?\",\n            \"acceptedAnswer\": {\n                \"@type\": \"Answer\",\n                \"text\": \"En Kontraola aceptamos todos los niveles, desde principiantes que nunca han tocado una tabla de surf hasta surfistas avanzados que buscan perfeccionar su t\\u00e9cnica. Nuestros instructores adaptan las clases a las necesidades individuales de cada alumno, garantizando una experiencia que transmita los valores de este deporte de una forma educativa y divertida para todos.\"\n            }\n        },\n        {\n            \"@type\": \"Question\",\n            \"name\": \"\\u00bfQu\\u00e9 incluye una clase de surf?\",\n            \"acceptedAnswer\": {\n                \"@type\": \"Answer\",\n                \"text\": \"Nuestras clases de surf incluyen la supervisi\\u00f3n de un monitor, una tabla de surf adecuada a tu nivel, un traje de neopreno, y escarpines. Tambi\\u00e9n proporcionamos una lycra de la escuela para que puedas ser f\\u00e1cilmente reconocido en el agua tanto por el monitor como por el fot\\u00f3grafo. Sin olvidar el seguro de accidentes qu\\u00e9 est\\u00e1 incluido para tu tranquilidad.\\nAdem\\u00e1s, en nuestra escuela de surf los clientes cuentan con taquillas para guardar sus pertenencias, disponen de aseos y duchas con gel y shampoo para despu\\u00e9s de surfear. Nuestra ubicaci\\u00f3n justo frente a la Playa de Las Am\\u00e9ricas, permite acceder r\\u00e1pidamente a cualquier equipamiento adicional que necesites.\"\n            }\n        },\n        {\n            \"@type\": \"Question\",\n            \"name\": \"\\u00bfCu\\u00e1nto duran las clases de surf?\",\n            \"acceptedAnswer\": {\n                \"@type\": \"Answer\",\n                \"text\": \"Todas nuestras clases en grupo y privadas tienen una duraci\\u00f3n de 2 horas. Empezamos con 30 minutos de teor\\u00eda y calentamiento fuera del agua, seguidos de 1 hora y 30 minutos de pr\\u00e1ctica en el mar. Esta estructura asegura que los alumnos tengan una comprensi\\u00f3n completa y pr\\u00e1ctica del surf\"\n            }\n        },\n        {\n            \"@type\": \"Question\",\n            \"name\": \"\\u00bfD\\u00f3nde se encuentra la escuela de surf?\",\n            \"acceptedAnswer\": {\n                \"@type\": \"Answer\",\n                \"text\": \"Kontraola escuela de surf en Tenerife se encuentra en la Playa de las Am\\u00e9ricas, en el municipio de Arona. Esta ubicaci\\u00f3n es ideal para surfistas de todos los niveles, con olas consistentes durante todo el a\\u00f1o. En invierno, las olas son m\\u00e1s grandes y potentes, perfectas para surfistas intermedios y avanzados. En verano, las olas son m\\u00e1s suaves, ideales para principiantes. Disfrutar\\u00e1s de un clima agradable con poca incidencia de viento, ofreciendo condiciones \\u00f3ptimas para el surf. En nuestra web, siempre puedes consultar la previsi\\u00f3n de olas, viento y tiempo seg\\u00fan Windfinder para planificar tu sesi\\u00f3n de surf con las mejores condiciones posibles.\"\n            }\n        },\n        {\n            \"@type\": \"Question\",\n            \"name\": \"\\u00bfOfrecen clases de surf adaptado?\",\n            \"acceptedAnswer\": {\n                \"@type\": \"Answer\",\n                \"text\": \"Contamos con instructores especializados y titulados, como Felix Trujillo, que tiene m\\u00e1s de 20 a\\u00f1os de experiencia y est\\u00e1 certificado para dar lecciones de surf adaptado. Nos enfocamos en proporcionar una experiencia inclusiva y personalizada, adaptando nuestras t\\u00e9cnicas y equipos para satisfacer las necesidades individuales de cada alumno.\"\n            }\n        },\n        {\n            \"@type\": \"Question\",\n            \"name\": \"\\u00bfQu\\u00e9 debo llevar a la clase de surf?\",\n            \"acceptedAnswer\": {\n                \"@type\": \"Answer\",\n                \"text\": \"No olvides venir con ba\\u00f1ador o bikini, as\\u00ed como una toalla para secarte despu\\u00e9s de las clases o si quieres tomar una ducha en nuestras instalaciones. Siempre recomendamos traer crema solar en stick para proteger tu cara y piel del sol. Y lo m\\u00e1s importante, \\u00a1ven con muchas ganas de aprender y pasarlo bien!\"\n            }\n        },\n        {\n            \"@type\": \"Question\",\n            \"name\": \"\\u00bfEs seguro el surf para ni\\u00f1os?\",\n            \"acceptedAnswer\": {\n                \"@type\": \"Answer\",\n                \"text\": \"S\\u00ed, el surf es seguro para ni\\u00f1os en Kontraola. Nuestras clases de surfing est\\u00e1n dise\\u00f1adas para ser seguras y divertidas para los m\\u00e1s peque\\u00f1os. Sin embargo, para garantizar la m\\u00e1xima seguridad, los ni\\u00f1os menores de 13 a\\u00f1os no podr\\u00e1n participar en clases grupales con adultos. Estos ni\\u00f1os deben inscribirse en clases privadas o semiprivadas, donde pueden ser acompa\\u00f1ados por un familiar adulto si as\\u00ed lo desean. Nuestros instructores tienen amplia experiencia trabajando con ni\\u00f1os y contamos con equipamiento espec\\u00edfico para asegurar la mejor experiencia.\"\n            }\n        },\n        {\n            \"@type\": \"Question\",\n            \"name\": \"\\u00bfCu\\u00e1ntos alumnos hay por instructor en las clases grupales?\",\n            \"acceptedAnswer\": {\n                \"@type\": \"Answer\",\n                \"text\": \"En nuestras clases grupales, mantenemos un m\\u00e1ximo de 6 adultos por instructor para asegurar una mejor atenci\\u00f3n y ense\\u00f1anza. Aunque la Federaci\\u00f3n Espa\\u00f1ola de Surf permite un m\\u00e1ximo de 8 alumnos por monitor, en Kontraola priorizamos la calidad del servicio. Por ello, si el grupo supera las 6 personas, asignamos un segundo monitor para garantizar que cada alumno reciba la atenci\\u00f3n necesaria y disfrute de la mejor experiencia de aprendizaje.\"\n            }\n        },\n        {\n            \"@type\": \"Question\",\n            \"name\": \"\\u00bfOfrecen servicio de transporte?\",\n            \"acceptedAnswer\": {\n                \"@type\": \"Answer\",\n                \"text\": \"La ubicaci\\u00f3n y cercan\\u00eda de nuestra escuela de surfing a la Playa de las Am\\u00e9ricas hace que no sea necesario ofrecer servicios de transporte, lo que facilita el acceso a nuestros clientes y permite disfrutar de una mayor comodidad y experiencia.\"\n            }\n        },\n        {\n            \"@type\": \"Question\",\n            \"name\": \"\\u00bfOfrecen servicio de fotograf\\u00eda?\",\n            \"acceptedAnswer\": {\n                \"@type\": \"Answer\",\n                \"text\": \"S\\u00ed, en Kontraola ofrecemos un servicio de fotograf\\u00eda durante las clases de surf para capturar tus mejores momentos en el agua. Sin embargo, este servicio no est\\u00e1 incluido en el precio de la clase. Despu\\u00e9s de la sesi\\u00f3n, podr\\u00e1s ver las fotos y decidir si deseas comprarlas. Puedes encontrar ejemplos de estas fotos en la galer\\u00eda de nuestra web, donde mostramos algunas de las mejores capturas de nuestros alumnos disfrutando de las olas\"\n            }\n        }\n    ]\n}<\/script>[\/et_pb_code][\/et_pb_column][\/et_pb_row][\/et_pb_section][\/et_pb_section].<\/p>","protected":false},"excerpt":{"rendered":"<p>ECOLE DE SURFKONTRAOLA SURF SCHOOL IN TENERIFE WITH LOCAL PROFESSIONALSurf waves in your first sessionExp\u00e9rimentez la sensation de surfer sur les vagues \u00e0 Playa de las Americas, Tenerife, avec des cours adapt\u00e9s \u00e0 tous les niveaux. \u00c0 l'\u00e9cole de surf Kontraola de Tenerife, nous nous adaptons \u00e0 vos besoins et vous aidons \u00e0 surfer votre premi\u00e8re vague. Nous croyons fermement que tout le monde peut apprendre \u00e0 surfer. Il y a 15 ans, nous avons d\u00e9cid\u00e9 de suivre notre passion pour ce sport et de cr\u00e9er Kontraola. Malgr\u00e9 la popularit\u00e9 des surfeurs am\u00e9ricains qui visitaient l'\u00eele en raison de son climat et des vagues exceptionnelles offertes par l'oc\u00e9an Atlantique, personne ne pensait que le surf deviendrait un sport populaire ici. Aujourd'hui, nous sommes une r\u00e9f\u00e9rence dans l'enseignement de ce sport olympique.Apprenez \u00e0 surfer avec les meilleursNous sommes une r\u00e9f\u00e9rence pour tous ceux qui nous rendent visite, gr\u00e2ce \u00e0 notre exp\u00e9rience et \u00e0 nos connaissances acquises apr\u00e8s 42 ans de surf et 20 ans consacr\u00e9s \u00e0 l'enseignement de ce merveilleux sport.Cours en groupeFaites-vous de nouveaux amis tout en surfant sur les vagues et en profitant de la mer. 35\u20ac \/ personneR\u00e9servez un cours semi-priv\u00e9 R\u00e9servez un cours semi-priv\u00e9 pour profiter du surf avec votre partenaire ou vos amis. 50\u20ac \/ personneR\u00e9serverLe\u00e7on priv\u00e9e Profitez d'une le\u00e7on avec un [...]<\/p>","protected":false},"author":1,"featured_media":0,"parent":0,"menu_order":0,"comment_status":"closed","ping_status":"closed","template":"","meta":{"_et_pb_use_builder":"on","_et_pb_old_content":"","_et_gb_content_width":"","_joinchat":[],"footnotes":""},"class_list":["post-58","page","type-page","status-publish","hentry"],"yoast_head":"<!-- This site is optimized with the Yoast SEO plugin v23.7 - https:\/\/yoast.com\/wordpress\/plugins\/seo\/ -->\n<title>Escuela de surf en Tenerife | Kontraola<\/title>\n<meta name=\"description\" content=\"Aprende a coger olas con nuestra escuela de surf en Tenerife. Clases para todos los niveles y alquiler de material en Playa de las Am\u00e9ricas.\" \/>\n<meta name=\"robots\" content=\"index, follow, max-snippet:-1, max-image-preview:large, max-video-preview:-1\" \/>\n<link rel=\"canonical\" href=\"https:\/\/www.kontraolasurftenerife.com\/fr\/\" \/>\n<meta property=\"og:locale\" content=\"fr_FR\" \/>\n<meta property=\"og:type\" content=\"article\" \/>\n<meta property=\"og:title\" content=\"Escuela de surf en Tenerife | Kontraola\" \/>\n<meta property=\"og:description\" content=\"Aprende a coger olas con nuestra escuela de surf en Tenerife. Clases para todos los niveles y alquiler de material en Playa de las Am\u00e9ricas.\" \/>\n<meta property=\"og:url\" content=\"https:\/\/www.kontraolasurftenerife.com\/fr\/\" \/>\n<meta property=\"og:site_name\" content=\"Kontraola Surf School\" \/>\n<meta property=\"article:publisher\" content=\"https:\/\/www.facebook.com\/kontraolasurf\" \/>\n<meta property=\"article:modified_time\" content=\"2024-08-22T11:01:21+00:00\" \/>\n<meta property=\"og:image\" content=\"https:\/\/www.kontraolasurftenerife.com\/wp-content\/uploads\/2024\/06\/galeria-img-04-10-min.jpg\" \/>\n\t<meta property=\"og:image:width\" content=\"1200\" \/>\n\t<meta property=\"og:image:height\" content=\"1000\" \/>\n\t<meta property=\"og:image:type\" content=\"image\/jpeg\" \/>\n<meta name=\"twitter:card\" content=\"summary_large_image\" \/>\n<meta name=\"twitter:label1\" content=\"Dur\u00e9e de lecture estim\u00e9e\" \/>\n\t<meta name=\"twitter:data1\" content=\"11 minutes\" \/>\n<script type=\"application\/ld+json\" class=\"yoast-schema-graph\">{\"@context\":\"https:\/\/schema.org\",\"@graph\":[{\"@type\":\"WebPage\",\"@id\":\"https:\/\/www.kontraolasurftenerife.com\/\",\"url\":\"https:\/\/www.kontraolasurftenerife.com\/\",\"name\":\"Escuela de surf en Tenerife | Kontraola\",\"isPartOf\":{\"@id\":\"https:\/\/www.kontraolasurftenerife.com\/#website\"},\"datePublished\":\"2024-06-03T14:04:51+00:00\",\"dateModified\":\"2024-08-22T11:01:21+00:00\",\"description\":\"Aprende a coger olas con nuestra escuela de surf en Tenerife. Clases para todos los niveles y alquiler de material en Playa de las Am\u00e9ricas.\",\"breadcrumb\":{\"@id\":\"https:\/\/www.kontraolasurftenerife.com\/#breadcrumb\"},\"inLanguage\":\"fr-FR\",\"potentialAction\":[{\"@type\":\"ReadAction\",\"target\":[\"https:\/\/www.kontraolasurftenerife.com\/\"]}]},{\"@type\":\"BreadcrumbList\",\"@id\":\"https:\/\/www.kontraolasurftenerife.com\/#breadcrumb\",\"itemListElement\":[{\"@type\":\"ListItem\",\"position\":1,\"name\":\"Portada\",\"item\":\"https:\/\/www.kontraolasurftenerife.com\/\"},{\"@type\":\"ListItem\",\"position\":2,\"name\":\"INICIO\"}]},{\"@type\":\"WebSite\",\"@id\":\"https:\/\/www.kontraolasurftenerife.com\/#website\",\"url\":\"https:\/\/www.kontraolasurftenerife.com\/\",\"name\":\"Kontraola Escuela de Surf\",\"description\":\"Kontraola Surf School en Tenerife ofrece clases de surf personalizadas para todos los niveles, impartidas por instructores expertos en la hermosa playa de Las Am\u00e9ricas. Nos apasiona ense\u00f1ar surf mientras fomentamos valores como el trabajo en equipo, la perseverancia y el respeto por el oc\u00e9ano.\",\"publisher\":{\"@id\":\"https:\/\/www.kontraolasurftenerife.com\/#organization\"},\"alternateName\":\"Escuela de Surf en Tenerife\",\"potentialAction\":[{\"@type\":\"SearchAction\",\"target\":{\"@type\":\"EntryPoint\",\"urlTemplate\":\"https:\/\/www.kontraolasurftenerife.com\/?s={search_term_string}\"},\"query-input\":{\"@type\":\"PropertyValueSpecification\",\"valueRequired\":true,\"valueName\":\"search_term_string\"}}],\"inLanguage\":\"fr-FR\"},{\"@type\":\"Organization\",\"@id\":\"https:\/\/www.kontraolasurftenerife.com\/#organization\",\"name\":\"Kontraola Escuela de Surf\",\"alternateName\":\"Escuela de Surf en Tenerife\",\"url\":\"https:\/\/www.kontraolasurftenerife.com\/\",\"logo\":{\"@type\":\"ImageObject\",\"inLanguage\":\"fr-FR\",\"@id\":\"https:\/\/www.kontraolasurftenerife.com\/#\/schema\/logo\/image\/\",\"url\":\"https:\/\/www.kontraolasurftenerife.com\/wp-content\/uploads\/2024\/06\/cropped-logo-kontraola-header.png\",\"contentUrl\":\"https:\/\/www.kontraolasurftenerife.com\/wp-content\/uploads\/2024\/06\/cropped-logo-kontraola-header.png\",\"width\":512,\"height\":512,\"caption\":\"Kontraola Escuela de Surf\"},\"image\":{\"@id\":\"https:\/\/www.kontraolasurftenerife.com\/#\/schema\/logo\/image\/\"},\"sameAs\":[\"https:\/\/www.facebook.com\/kontraolasurf\",\"https:\/\/www.instagram.com\/kontraola_surf_tenerife\/?hl=es\"]}]}<\/script>\n<!-- \/ Yoast SEO plugin. -->","yoast_head_json":{"title":"Escuela de surf en Tenerife | Kontraola","description":"Aprende a coger olas con nuestra escuela de surf en Tenerife. Clases para todos los niveles y alquiler de material en Playa de las Am\u00e9ricas.","robots":{"index":"index","follow":"follow","max-snippet":"max-snippet:-1","max-image-preview":"max-image-preview:large","max-video-preview":"max-video-preview:-1"},"canonical":"https:\/\/www.kontraolasurftenerife.com\/fr\/","og_locale":"fr_FR","og_type":"article","og_title":"Escuela de surf en Tenerife | Kontraola","og_description":"Aprende a coger olas con nuestra escuela de surf en Tenerife. Clases para todos los niveles y alquiler de material en Playa de las Am\u00e9ricas.","og_url":"https:\/\/www.kontraolasurftenerife.com\/fr\/","og_site_name":"Kontraola Surf School","article_publisher":"https:\/\/www.facebook.com\/kontraolasurf","article_modified_time":"2024-08-22T11:01:21+00:00","og_image":[{"width":1200,"height":1000,"url":"https:\/\/www.kontraolasurftenerife.com\/wp-content\/uploads\/2024\/06\/galeria-img-04-10-min.jpg","type":"image\/jpeg"}],"twitter_card":"summary_large_image","twitter_misc":{"Dur\u00e9e de lecture estim\u00e9e":"11 minutes"},"schema":{"@context":"https:\/\/schema.org","@graph":[{"@type":"WebPage","@id":"https:\/\/www.kontraolasurftenerife.com\/","url":"https:\/\/www.kontraolasurftenerife.com\/","name":"Escuela de surf en Tenerife | Kontraola","isPartOf":{"@id":"https:\/\/www.kontraolasurftenerife.com\/#website"},"datePublished":"2024-06-03T14:04:51+00:00","dateModified":"2024-08-22T11:01:21+00:00","description":"Aprende a coger olas con nuestra escuela de surf en Tenerife. Clases para todos los niveles y alquiler de material en Playa de las Am\u00e9ricas.","breadcrumb":{"@id":"https:\/\/www.kontraolasurftenerife.com\/#breadcrumb"},"inLanguage":"fr-FR","potentialAction":[{"@type":"ReadAction","target":["https:\/\/www.kontraolasurftenerife.com\/"]}]},{"@type":"BreadcrumbList","@id":"https:\/\/www.kontraolasurftenerife.com\/#breadcrumb","itemListElement":[{"@type":"ListItem","position":1,"name":"Portada","item":"https:\/\/www.kontraolasurftenerife.com\/"},{"@type":"ListItem","position":2,"name":"INICIO"}]},{"@type":"WebSite","@id":"https:\/\/www.kontraolasurftenerife.com\/#website","url":"https:\/\/www.kontraolasurftenerife.com\/","name":"Kontraola Escuela de Surf","description":"Kontraola Surf School en Tenerife ofrece clases de surf personalizadas para todos los niveles, impartidas por instructores expertos en la hermosa playa de Las Am\u00e9ricas. Nos apasiona ense\u00f1ar surf mientras fomentamos valores como el trabajo en equipo, la perseverancia y el respeto por el oc\u00e9ano.","publisher":{"@id":"https:\/\/www.kontraolasurftenerife.com\/#organization"},"alternateName":"Escuela de Surf en Tenerife","potentialAction":[{"@type":"SearchAction","target":{"@type":"EntryPoint","urlTemplate":"https:\/\/www.kontraolasurftenerife.com\/?s={search_term_string}"},"query-input":{"@type":"PropertyValueSpecification","valueRequired":true,"valueName":"search_term_string"}}],"inLanguage":"fr-FR"},{"@type":"Organization","@id":"https:\/\/www.kontraolasurftenerife.com\/#organization","name":"Kontraola Escuela de Surf","alternateName":"Escuela de Surf en Tenerife","url":"https:\/\/www.kontraolasurftenerife.com\/","logo":{"@type":"ImageObject","inLanguage":"fr-FR","@id":"https:\/\/www.kontraolasurftenerife.com\/#\/schema\/logo\/image\/","url":"https:\/\/www.kontraolasurftenerife.com\/wp-content\/uploads\/2024\/06\/cropped-logo-kontraola-header.png","contentUrl":"https:\/\/www.kontraolasurftenerife.com\/wp-content\/uploads\/2024\/06\/cropped-logo-kontraola-header.png","width":512,"height":512,"caption":"Kontraola Escuela de Surf"},"image":{"@id":"https:\/\/www.kontraolasurftenerife.com\/#\/schema\/logo\/image\/"},"sameAs":["https:\/\/www.facebook.com\/kontraolasurf","https:\/\/www.instagram.com\/kontraola_surf_tenerife\/?hl=es"]}]}},"_links":{"self":[{"href":"https:\/\/www.kontraolasurftenerife.com\/fr\/wp-json\/wp\/v2\/pages\/58","targetHints":{"allow":["GET"]}}],"collection":[{"href":"https:\/\/www.kontraolasurftenerife.com\/fr\/wp-json\/wp\/v2\/pages"}],"about":[{"href":"https:\/\/www.kontraolasurftenerife.com\/fr\/wp-json\/wp\/v2\/types\/page"}],"author":[{"embeddable":true,"href":"https:\/\/www.kontraolasurftenerife.com\/fr\/wp-json\/wp\/v2\/users\/1"}],"replies":[{"embeddable":true,"href":"https:\/\/www.kontraolasurftenerife.com\/fr\/wp-json\/wp\/v2\/comments?post=58"}],"version-history":[{"count":93,"href":"https:\/\/www.kontraolasurftenerife.com\/fr\/wp-json\/wp\/v2\/pages\/58\/revisions"}],"predecessor-version":[{"id":581,"href":"https:\/\/www.kontraolasurftenerife.com\/fr\/wp-json\/wp\/v2\/pages\/58\/revisions\/581"}],"wp:attachment":[{"href":"https:\/\/www.kontraolasurftenerife.com\/fr\/wp-json\/wp\/v2\/media?parent=58"}],"curies":[{"name":"wp","href":"https:\/\/api.w.org\/{rel}","templated":true}]}}